{"id":2,"date":"2013-06-21T14:04:48","date_gmt":"2013-06-21T14:04:48","guid":{"rendered":"http:\/\/www.anffasms.it\/?page_id=2"},"modified":"2026-04-28T20:23:24","modified_gmt":"2026-04-28T18:23:24","slug":"pagina-di-esempio","status":"publish","type":"page","link":"https:\/\/www.anffasms.it\/","title":{"rendered":"Home"},"content":{"rendered":"<p><div class=\"fusion-fullwidth fullwidth-box fusion-builder-row-1 fusion-flex-container has-pattern-background has-mask-background nonhundred-percent-fullwidth non-hundred-percent-height-scrolling\" style=\"--awb-border-radius-top-left:0px;--awb-border-radius-top-right:0px;--awb-border-radius-bottom-right:0px;--awb-border-radius-bottom-left:0px;--awb-flex-wrap:wrap;\" ><div class=\"fusion-builder-row fusion-row fusion-flex-align-items-flex-start fusion-flex-content-wrap\" style=\"max-width:1331.2px;margin-left: calc(-4% \/ 2 );margin-right: calc(-4% \/ 2 );\"><div class=\"fusion-layout-column fusion_builder_column fusion-builder-column-0 fusion_builder_column_1_1 1_1 fusion-flex-column\" style=\"--awb-bg-size:cover;--awb-width-large:100%;--awb-margin-top-large:0px;--awb-spacing-right-large:1.92%;--awb-margin-bottom-large:20px;--awb-spacing-left-large:1.92%;--awb-width-medium:100%;--awb-order-medium:0;--awb-spacing-right-medium:1.92%;--awb-spacing-left-medium:1.92%;--awb-width-small:100%;--awb-order-small:0;--awb-spacing-right-small:1.92%;--awb-spacing-left-small:1.92%;\"><div class=\"fusion-column-wrapper fusion-column-has-shadow fusion-flex-justify-content-flex-start fusion-content-layout-column\"><div class=\"fusion-text fusion-text-1\"><h1>Associazione di famiglie e persone con disabilit\u00e0 intellettiva e disturbi del neurosviluppo<\/h1>\n<\/div><div class=\"fusion-image-element \" style=\"--awb-caption-title-font-family:var(--h2_typography-font-family);--awb-caption-title-font-weight:var(--h2_typography-font-weight);--awb-caption-title-font-style:var(--h2_typography-font-style);--awb-caption-title-size:var(--h2_typography-font-size);--awb-caption-title-transform:var(--h2_typography-text-transform);--awb-caption-title-line-height:var(--h2_typography-line-height);--awb-caption-title-letter-spacing:var(--h2_typography-letter-spacing);\"><span class=\" fusion-imageframe imageframe-none imageframe-1 hover-type-none\"><img decoding=\"async\" width=\"1980\" height=\"850\" alt=\"5x1000 ad Anffas Massa Carrara\" title=\"5&#215;1000 ad Anffas Massa Carrara\" src=\"https:\/\/www.anffasms.it\/wp-content\/uploads\/2026\/04\/5x1000-ad-Anffas-Massa-Carrara-1.jpg\" class=\"img-responsive wp-image-8621\" srcset=\"https:\/\/www.anffasms.it\/wp-content\/uploads\/2026\/04\/5x1000-ad-Anffas-Massa-Carrara-1-200x86.jpg 200w, https:\/\/www.anffasms.it\/wp-content\/uploads\/2026\/04\/5x1000-ad-Anffas-Massa-Carrara-1-400x172.jpg 400w, https:\/\/www.anffasms.it\/wp-content\/uploads\/2026\/04\/5x1000-ad-Anffas-Massa-Carrara-1-600x258.jpg 600w, https:\/\/www.anffasms.it\/wp-content\/uploads\/2026\/04\/5x1000-ad-Anffas-Massa-Carrara-1-800x343.jpg 800w, https:\/\/www.anffasms.it\/wp-content\/uploads\/2026\/04\/5x1000-ad-Anffas-Massa-Carrara-1-1200x515.jpg 1200w, https:\/\/www.anffasms.it\/wp-content\/uploads\/2026\/04\/5x1000-ad-Anffas-Massa-Carrara-1.jpg 1980w\" sizes=\"(max-width: 1024px) 100vw, (max-width: 640px) 100vw, 1980px\" \/><\/span><\/div><div class=\"fusion-separator fusion-full-width-sep\" style=\"align-self: center;margin-left: auto;margin-right: auto;margin-top:20px;margin-bottom:32px;width:100%;\"><div class=\"fusion-separator-border sep-double\" style=\"--awb-height:20px;--awb-amount:20px;border-color:#e0dede;border-top-width:1px;border-bottom-width:1px;\"><\/div><\/div><div class=\"fusion-text fusion-text-2\"><h2 style=\"color: #008a1e;\">Sostieni Anffas Massa Carrara con il tuo 5&#215;1000<\/h2>\n<p>Nella tua dichiarazione dei redditi,<strong> firma nel riquadro<\/strong> \u201c<em>Sostegno degli enti del Terzo Settore inscritti al RUNTS<\/em>\u201d<\/p>\n<p style=\"color: #355496; font-size: 26px;\"><strong>e inserisci il Codice Fiscale: 01045900451<\/strong><\/p>\n<p>Dal 1968 Anffas Massa Carrara contribuisce ogni giorno a sostenere i diritti delle persone con disabilit\u00e0 e delle loro famiglie, e a costruire una comunit\u00e0 pi\u00f9 accogliente, inclusiva e attenta.<br \/><strong>Con il tuo 5&#215;1000, puoi aiutare altre persone a raggiungere il proprio traguardo. Perch\u00e9 una comunit\u00e0 migliore, \u00e8 una comunit\u00e0 che cammina tutta insieme e non lascia indietro nessuno.<br \/><a href=\"https:\/\/www.anffasms.it\/?page_id=8595\" target=\"_blank\" rel=\"noopener\">Scopri come destinare il tuo 5&#215;1000 ad Anffas Massa Carrara<\/a><\/strong><\/p>\n<\/div><\/div><\/div><\/div><\/div><div class=\"fusion-fullwidth fullwidth-box fusion-builder-row-2 has-pattern-background has-mask-background nonhundred-percent-fullwidth non-hundred-percent-height-scrolling\" style=\"--awb-border-radius-top-left:0px;--awb-border-radius-top-right:0px;--awb-border-radius-bottom-right:0px;--awb-border-radius-bottom-left:0px;--awb-flex-wrap:wrap;\" ><div class=\"fusion-builder-row fusion-row\"><div class=\"fusion-layout-column fusion_builder_column fusion-builder-column-1 fusion_builder_column_1_1 1_1 fusion-one-full fusion-column-first fusion-column-last\" style=\"--awb-bg-size:cover;\"><div class=\"fusion-column-wrapper fusion-column-has-shadow fusion-flex-column-wrapper-legacy\"><div class=\"fusion-clearfix\"><\/div><\/div><\/div><\/div><\/div><div class=\"fusion-fullwidth fullwidth-box fusion-builder-row-3 nonhundred-percent-fullwidth non-hundred-percent-height-scrolling\" style=\"--awb-border-radius-top-left:0px;--awb-border-radius-top-right:0px;--awb-border-radius-bottom-right:0px;--awb-border-radius-bottom-left:0px;--awb-flex-wrap:wrap;\" ><div class=\"fusion-builder-row fusion-row\"><div class=\"fusion-layout-column fusion_builder_column fusion-builder-column-2 fusion_builder_column_2_3 2_3 fusion-two-third fusion-column-first\" style=\"--awb-bg-size:cover;--awb-margin-bottom:0px;width:65.3333%; margin-right: 4%;\"><div class=\"fusion-column-wrapper fusion-flex-column-wrapper-legacy\"><div class=\"fusion-image-element in-legacy-container\" style=\"--awb-caption-title-font-family:var(--h2_typography-font-family);--awb-caption-title-font-weight:var(--h2_typography-font-weight);--awb-caption-title-font-style:var(--h2_typography-font-style);--awb-caption-title-size:var(--h2_typography-font-size);--awb-caption-title-transform:var(--h2_typography-text-transform);--awb-caption-title-line-height:var(--h2_typography-line-height);--awb-caption-title-letter-spacing:var(--h2_typography-letter-spacing);\"><span class=\" fusion-imageframe imageframe-none imageframe-2 hover-type-none\"><img decoding=\"async\" width=\"2000\" height=\"1168\" alt=\"Sede Anffas Massa Carrara Pian del Castellaro\" title=\"Sede Anffas Massa Carrara Pian del Castellaro\" src=\"https:\/\/www.anffasms.it\/wp-content\/uploads\/2016\/12\/DSD_4753-e1480696758833.jpg\" class=\"img-responsive wp-image-2830\"\/><\/span><\/div><div class=\"fusion-sep-clear\"><\/div><div class=\"fusion-separator fusion-full-width-sep\" style=\"margin-left: auto;margin-right: auto;margin-bottom:32px;width:100%;\"><\/div><div class=\"fusion-sep-clear\"><\/div><div class=\"fusion-text fusion-text-3\"><h2>Perch\u00e9 Anffas!<\/h2>\n<p><acronym title=\"Associazione di famiglie e persone con disabilit\u00e0 intellettiva e disturbi del neurosviluppo\">Anffas<\/acronym> <acronym title=\"Organizzazione Non Lucrativa di Utilit\u00e0 Sociale\">Onlus<\/acronym> Massa Carrara \u00e8 il luogo dove le persone con disabilit\u00e0 intellettiva e quelle con disturbi del neurosviluppo, grazie a programmi e percorsi dedicati, tornano ad essere semplicemente \u201cpersone\u201d, persone in grado di conseguire il pieno sviluppo realizzando i propri sogni e le proprie aspirazioni.<br \/>\nIn questo modo, Anffas, contribuisce alla creazione di una societ\u00e0 pi\u00f9 inclusiva e consapevole.<\/p>\n<p>L&#8217;ampia proposta di programmi e attivit\u00e0, la professionalit\u00e0 del personale impiegato, la disponibilit\u00e0 di strutture all&#8217;avanguardia ed il continuo sviluppo di progetti innovativi, fanno di Anffas Onlus Massa Carrara un\u2019eccellenza nei settori sociale e socio-sanitario del territorio della Provincia di Massa Carrara.<br \/>\nAnffas Massa Carrara \u00e8 infatti presente sul territorio da oltre 50 anni e oltre a svolgere una fondamentale attivit\u00e0 associativa, fornisce sostegno alle persone con disabilit\u00e0 intellettiva e a quelle affette da disturbi del neurosviluppo e alle loro famiglie attraverso una articolata rete di servizi e di strutture quali il Centro di Riabilitazione di Pian del Castellaro, le Residenze Sanitarie di Monteverde e Pian del Castellaro, i Centri integrati per il trattamento dell\u2019autismo infantile &#8220;Il Casolare&#8221; ed &#8220;Il Calicanto&#8221;, i Centri diurni di salute mentale &#8220;Odisseo&#8221; a Massa e &#8220;Raffaello&#8221; a Terrarossa di Licciana Nardi, gli appartamenti a Carrara e Pontremoli per la gestione dei progetti di vita indipendente.<\/p>\n<p>Anffas Onlus Massa Carrara \u00e8 inoltre partner della Azienda <a href=\"https:\/\/www.uslnordovest.toscana.it\/\" target=\"_blank\" rel=\"noopener noreferrer\">ASL Toscana Nord Ovest<\/a> zona Apuane e della Societ\u00e0 della salute della Lunigiana nei progetti per il Dopo di Noi denominati &#8220;Luoghi comuni&#8221; e &#8220;Anch&#8217;io posso&#8221;.<br \/>\nAlla base della progettazione di questi percorsi di vita autonoma per le persone con disabilit\u00e0 intellettiva c&#8217;\u00e8 il lavoro di rete tra Azienda ASL, i Comuni della Zona delle Apuane e le Associazioni del terzo settore.<\/p>\n<\/div><div class=\"fusion-sep-clear\"><\/div><div class=\"fusion-separator fusion-full-width-sep\" style=\"margin-left: auto;margin-right: auto;margin-bottom:32px;width:100%;\"><\/div><div class=\"fusion-sep-clear\"><\/div><div class=\"fusion-clearfix\"><\/div><\/div><\/div><div class=\"fusion-layout-column fusion_builder_column fusion-builder-column-3 fusion_builder_column_1_3 1_3 fusion-one-third fusion-column-last\" style=\"--awb-padding-left:10%;--awb-bg-size:cover;--awb-border-color:#cecece;--awb-border-left:1px;--awb-border-style:solid;width:30.6666%;\"><div class=\"fusion-column-wrapper fusion-column-has-shadow fusion-flex-column-wrapper-legacy\"><div class=\"fusion-image-element in-legacy-container\" style=\"--awb-caption-title-font-family:var(--h2_typography-font-family);--awb-caption-title-font-weight:var(--h2_typography-font-weight);--awb-caption-title-font-style:var(--h2_typography-font-style);--awb-caption-title-size:var(--h2_typography-font-size);--awb-caption-title-transform:var(--h2_typography-text-transform);--awb-caption-title-line-height:var(--h2_typography-line-height);--awb-caption-title-letter-spacing:var(--h2_typography-letter-spacing);\"><span class=\" fusion-imageframe imageframe-none imageframe-3 hover-type-none\"><img decoding=\"async\" width=\"300\" height=\"200\" alt=\"Professoressa Fiorella Nari - Presidente Anffas Onlus Massa Carrara\" title=\"Prof.ssa Fiorella Nari Presidente Anfass Onlus Massa Carrara\" src=\"https:\/\/www.anffasms.it\/wp-content\/uploads\/2020\/02\/professoressa-fiorella-nari.jpg\" class=\"img-responsive wp-image-6335\" srcset=\"https:\/\/www.anffasms.it\/wp-content\/uploads\/2020\/02\/professoressa-fiorella-nari-200x133.jpg 200w, https:\/\/www.anffasms.it\/wp-content\/uploads\/2020\/02\/professoressa-fiorella-nari.jpg 300w\" sizes=\"(max-width: 800px) 100vw, 300px\" \/><\/span><\/div><div class=\"fusion-sep-clear\"><\/div><div class=\"fusion-separator fusion-full-width-sep\" style=\"margin-left: auto;margin-right: auto;margin-bottom:32px;width:100%;\"><\/div><div class=\"fusion-sep-clear\"><\/div><div class=\"fusion-text fusion-text-4\"><p style=\"text-align: left;\">&#8220;Aspirare ad una vita serena \u00e8 un diritto!<br \/>\nAnffas si impegna da sempre affinch\u00e9 tale diritto venga garantito a tutte le persone con disabilit\u00e0.&#8221;<\/p>\n<p><em>Prof.ssa Fiorella Nari<\/em><br \/>\n<em>Presidente Anffas Onlus Massa Carrara<\/em><\/p>\n<\/div><div class=\"fusion-sep-clear\"><\/div><div class=\"fusion-separator fusion-full-width-sep\" style=\"margin-left: auto;margin-right: auto;margin-bottom:32px;width:100%;\"><\/div><div class=\"fusion-sep-clear\"><\/div><div class=\"fusion-text fusion-text-5\"><h3 style=\"text-align: left;\">Costituzione della Repubblica Italiana \u2013 Principi fondamentali, Articolo 3<\/h3>\n<p style=\"text-align: left;\">Tutti i cittadini hanno pari dignit\u00e0 sociale e sono eguali davanti alla legge, senza distinzione di sesso, di razza, di lingua, di religione, di opinioni politiche, di condizioni personali e sociali.<br \/>\n\u00c8 compito della Repubblica rimuovere gli ostacoli di ordine economico e sociale, che, limitando di fatto la libert\u00e0 e l\u2019eguaglianza dei cittadini, impediscono il pieno sviluppo della persona umana e l\u2019effettiva partecipazione di tutti i lavoratori all\u2019organizzazione politica, economica e sociale del Paese.<\/p>\n<\/div><div class=\"fusion-sep-clear\"><\/div><div class=\"fusion-separator fusion-full-width-sep\" style=\"margin-left: auto;margin-right: auto;margin-bottom:32px;width:100%;\"><\/div><div class=\"fusion-sep-clear\"><\/div><div class=\"fusion-clearfix\"><\/div><\/div><\/div><\/div><\/div><div class=\"fusion-fullwidth fullwidth-box fusion-builder-row-4 nonhundred-percent-fullwidth non-hundred-percent-height-scrolling\" style=\"--awb-border-radius-top-left:0px;--awb-border-radius-top-right:0px;--awb-border-radius-bottom-right:0px;--awb-border-radius-bottom-left:0px;--awb-flex-wrap:wrap;\" ><div class=\"fusion-builder-row fusion-row\"><div class=\"fusion-layout-column fusion_builder_column fusion-builder-column-4 fusion_builder_column_1_1 1_1 fusion-one-full fusion-column-first fusion-column-last\" style=\"--awb-bg-size:cover;\"><div class=\"fusion-column-wrapper fusion-column-has-shadow fusion-flex-column-wrapper-legacy\"><div class=\"fusion-sep-clear\"><\/div><div class=\"fusion-separator fusion-full-width-sep\" style=\"margin-left: auto;margin-right: auto;margin-top:64px;margin-bottom:64px;width:100%;\"><div class=\"fusion-separator-border sep-single sep-solid\" style=\"--awb-height:20px;--awb-amount:20px;border-color:#e0dede;border-top-width:1px;\"><\/div><\/div><div class=\"fusion-sep-clear\"><\/div><div class=\"fusion-text fusion-text-6\"><h2 style=\"text-align: left;\">Notizie, eventi, iniziative&#8230;<\/h2>\n<\/div><div class=\"fusion-sep-clear\"><\/div><div class=\"fusion-separator fusion-full-width-sep\" style=\"margin-left: auto;margin-right: auto;margin-bottom:64px;width:100%;\"><\/div><div class=\"fusion-sep-clear\"><\/div><div class=\"fusion-recent-posts fusion-recent-posts-1 avada-container layout-thumbnails-on-side layout-columns-2 fusion-recent-posts-infinite fusion-recent-posts-load-more\" data-pages=\"36\"><section class=\"fusion-columns columns fusion-columns-2 columns-2\"><article class=\"post fusion-column column col col-lg-6 col-md-6 col-sm-6\"><div class=\"fusion-flexslider fusion-flexslider-loading flexslider floated-slideshow flexslider-hover-type-none\"><ul class=\"slides\"><li><a href=\"https:\/\/www.anffasms.it\/?p=8572\" aria-label=\"A Pasqua scegli Flora: la colomba solidale di Anffas Massa Carrara\" class=\"hover-type-none\"><img decoding=\"async\" width=\"177\" height=\"142\" src=\"https:\/\/www.anffasms.it\/wp-content\/uploads\/2026\/03\/flora2026-edizione-limitata-177x142.jpg\" class=\"attachment-portfolio-five size-portfolio-five\" alt=\"Pasqua 2026 - Anffas Massa Carrara - Colomba Flora\" \/><\/a><\/li><\/ul><\/div><div class=\"recent-posts-content\"><span class=\"vcard\" style=\"display: none;\"><span class=\"fn\"><a href=\"https:\/\/www.anffasms.it\/?author=1\" title=\"Articoli scritti da Confinigrafici\" rel=\"author\">Confinigrafici<\/a><\/span><\/span><span class=\"updated\" style=\"display:none;\">2026-03-30T17:18:37+02:00<\/span><h4 class=\"entry-title\"><a href=\"https:\/\/www.anffasms.it\/?p=8572\">A Pasqua scegli Flora: la colomba solidale di Anffas Massa Carrara<\/a><\/h4><p class=\"meta\"><span class=\"vcard\" style=\"display: none;\"><span class=\"fn\"><a href=\"https:\/\/www.anffasms.it\/?author=1\" title=\"Articoli scritti da Confinigrafici\" rel=\"author\">Confinigrafici<\/a><\/span><\/span><span class=\"updated\" style=\"display:none;\">2026-03-30T17:18:37+02:00<\/span><span>Marzo 25th, 2026<\/span><span class=\"fusion-inline-sep\">|<\/span><\/p><\/div><\/article><article class=\"post fusion-column column col col-lg-6 col-md-6 col-sm-6\"><div class=\"fusion-flexslider fusion-flexslider-loading flexslider floated-slideshow flexslider-hover-type-none\"><ul class=\"slides\"><li><a href=\"https:\/\/www.anffasms.it\/?p=8461\" aria-label=\"Regalo Solidale Natale 2025 Massa Carrara: torna il Cesto Speciale di Anffas\" class=\"hover-type-none\"><img decoding=\"async\" width=\"177\" height=\"142\" src=\"https:\/\/www.anffasms.it\/wp-content\/uploads\/2025\/11\/Regalo-Solidale-Natale-2025-Massa-Carrara-177x142.jpg\" class=\"attachment-portfolio-five size-portfolio-five\" alt=\"Regalo Solidale Natale 2025 Massa Carrara - Cesto con prodotti tipici della Lunigiana e della costa apuana\" \/><\/a><\/li><\/ul><\/div><div class=\"recent-posts-content\"><span class=\"vcard\" style=\"display: none;\"><span class=\"fn\"><a href=\"https:\/\/www.anffasms.it\/?author=1\" title=\"Articoli scritti da Confinigrafici\" rel=\"author\">Confinigrafici<\/a><\/span><\/span><span class=\"updated\" style=\"display:none;\">2025-11-10T10:41:57+01:00<\/span><h4 class=\"entry-title\"><a href=\"https:\/\/www.anffasms.it\/?p=8461\">Regalo Solidale Natale 2025 Massa Carrara: torna il Cesto Speciale di Anffas<\/a><\/h4><p class=\"meta\"><span class=\"vcard\" style=\"display: none;\"><span class=\"fn\"><a href=\"https:\/\/www.anffasms.it\/?author=1\" title=\"Articoli scritti da Confinigrafici\" rel=\"author\">Confinigrafici<\/a><\/span><\/span><span class=\"updated\" style=\"display:none;\">2025-11-10T10:41:57+01:00<\/span><span>Novembre 10th, 2025<\/span><span class=\"fusion-inline-sep\">|<\/span><\/p><\/div><\/article><article class=\"post fusion-column column col col-lg-6 col-md-6 col-sm-6\"><div class=\"fusion-flexslider fusion-flexslider-loading flexslider floated-slideshow flexslider-hover-type-none\"><ul class=\"slides\"><li><a href=\"https:\/\/www.anffasms.it\/?p=8418\" aria-label=\"Pranzo d&#8217;Autunno 2025\" class=\"hover-type-none\"><img decoding=\"async\" width=\"177\" height=\"142\" src=\"https:\/\/www.anffasms.it\/wp-content\/uploads\/2025\/10\/Pranzo-in-Autunno-2025-177x142.jpg\" class=\"attachment-portfolio-five size-portfolio-five\" alt=\"Pranzo d\u2019Autunno 2025\" \/><\/a><\/li><\/ul><\/div><div class=\"recent-posts-content\"><span class=\"vcard\" style=\"display: none;\"><span class=\"fn\"><a href=\"https:\/\/www.anffasms.it\/?author=1\" title=\"Articoli scritti da Confinigrafici\" rel=\"author\">Confinigrafici<\/a><\/span><\/span><span class=\"updated\" style=\"display:none;\">2025-10-20T18:12:47+02:00<\/span><h4 class=\"entry-title\"><a href=\"https:\/\/www.anffasms.it\/?p=8418\">Pranzo d&#8217;Autunno 2025<\/a><\/h4><p class=\"meta\"><span class=\"vcard\" style=\"display: none;\"><span class=\"fn\"><a href=\"https:\/\/www.anffasms.it\/?author=1\" title=\"Articoli scritti da Confinigrafici\" rel=\"author\">Confinigrafici<\/a><\/span><\/span><span class=\"updated\" style=\"display:none;\">2025-10-20T18:12:47+02:00<\/span><span>Ottobre 20th, 2025<\/span><span class=\"fusion-inline-sep\">|<\/span><\/p><\/div><\/article><article class=\"post fusion-column column col col-lg-6 col-md-6 col-sm-6\"><div class=\"fusion-flexslider fusion-flexslider-loading flexslider floated-slideshow flexslider-hover-type-none\"><ul class=\"slides\"><li><a href=\"https:\/\/www.anffasms.it\/?p=8411\" aria-label=\"Corsi di formazione digitale del progetto PNRR a Pontremoli\" class=\"hover-type-none\"><img decoding=\"async\" width=\"177\" height=\"142\" src=\"https:\/\/www.anffasms.it\/wp-content\/uploads\/2025\/10\/Corsi-di-formazione-digitale-del-progetto-PNRR-177x142.jpg\" class=\"attachment-portfolio-five size-portfolio-five\" alt=\"Corsi di formazione digitale del progetto PNRR\" \/><\/a><\/li><\/ul><\/div><div class=\"recent-posts-content\"><span class=\"vcard\" style=\"display: none;\"><span class=\"fn\"><a href=\"https:\/\/www.anffasms.it\/?author=1\" title=\"Articoli scritti da Confinigrafici\" rel=\"author\">Confinigrafici<\/a><\/span><\/span><span class=\"updated\" style=\"display:none;\">2025-10-20T17:35:20+02:00<\/span><h4 class=\"entry-title\"><a href=\"https:\/\/www.anffasms.it\/?p=8411\">Corsi di formazione digitale del progetto PNRR a Pontremoli<\/a><\/h4><p class=\"meta\"><span class=\"vcard\" style=\"display: none;\"><span class=\"fn\"><a href=\"https:\/\/www.anffasms.it\/?author=1\" title=\"Articoli scritti da Confinigrafici\" rel=\"author\">Confinigrafici<\/a><\/span><\/span><span class=\"updated\" style=\"display:none;\">2025-10-20T17:35:20+02:00<\/span><span>Ottobre 16th, 2025<\/span><span class=\"fusion-inline-sep\">|<\/span><\/p><\/div><\/article><article class=\"post fusion-column column col col-lg-6 col-md-6 col-sm-6\"><div class=\"fusion-flexslider fusion-flexslider-loading flexslider floated-slideshow flexslider-hover-type-none\"><ul class=\"slides\"><li><a href=\"https:\/\/www.anffasms.it\/?p=8403\" aria-label=\"Pace, solidariet\u00e0, fraternit\u00e0 e tolleranza: lettera aperta di Anffas tutta per il rispetto della vita e dei diritti umani\" class=\"hover-type-none\"><img decoding=\"async\" width=\"177\" height=\"142\" src=\"https:\/\/www.anffasms.it\/wp-content\/uploads\/2025\/09\/pace-letteraApertaAnffasMS-177x142.jpg\" class=\"attachment-portfolio-five size-portfolio-five\" alt=\"Lettera Aperta Anffas Tutti\" \/><\/a><\/li><\/ul><\/div><div class=\"recent-posts-content\"><span class=\"vcard\" style=\"display: none;\"><span class=\"fn\"><a href=\"https:\/\/www.anffasms.it\/?author=1\" title=\"Articoli scritti da Confinigrafici\" rel=\"author\">Confinigrafici<\/a><\/span><\/span><span class=\"updated\" style=\"display:none;\">2025-09-25T17:34:21+02:00<\/span><h4 class=\"entry-title\"><a href=\"https:\/\/www.anffasms.it\/?p=8403\">Pace, solidariet\u00e0, fraternit\u00e0 e tolleranza: lettera aperta di Anffas tutta per il rispetto della vita e dei diritti umani<\/a><\/h4><p class=\"meta\"><span class=\"vcard\" style=\"display: none;\"><span class=\"fn\"><a href=\"https:\/\/www.anffasms.it\/?author=1\" title=\"Articoli scritti da Confinigrafici\" rel=\"author\">Confinigrafici<\/a><\/span><\/span><span class=\"updated\" style=\"display:none;\">2025-09-25T17:34:21+02:00<\/span><span>Settembre 25th, 2025<\/span><span class=\"fusion-inline-sep\">|<\/span><\/p><\/div><\/article><article class=\"post fusion-column column col col-lg-6 col-md-6 col-sm-6\"><div class=\"fusion-flexslider fusion-flexslider-loading flexslider floated-slideshow flexslider-hover-type-none\"><ul class=\"slides\"><li><a href=\"https:\/\/www.anffasms.it\/?p=8385\" aria-label=\"Anffas Massa Carrara a Con-vivere 2025 con il progetto &#8220;Rinascita dagli scarti&#8221;\" class=\"hover-type-none\"><img decoding=\"async\" width=\"177\" height=\"142\" src=\"https:\/\/www.anffasms.it\/wp-content\/uploads\/2025\/09\/Anffas-Massa-Carrara-a-Con-vivere-2025-con-il-progetto-Rinascita-dagli-scarti-177x142.jpg\" class=\"attachment-portfolio-five size-portfolio-five\" alt=\"Anffas Massa Carrara a Con-vivere 2025 con il progetto &quot;Rinascita dagli scarti&quot;\" \/><\/a><\/li><\/ul><\/div><div class=\"recent-posts-content\"><span class=\"vcard\" style=\"display: none;\"><span class=\"fn\"><a href=\"https:\/\/www.anffasms.it\/?author=1\" title=\"Articoli scritti da Confinigrafici\" rel=\"author\">Confinigrafici<\/a><\/span><\/span><span class=\"updated\" style=\"display:none;\">2025-09-15T18:22:49+02:00<\/span><h4 class=\"entry-title\"><a href=\"https:\/\/www.anffasms.it\/?p=8385\">Anffas Massa Carrara a Con-vivere 2025 con il progetto &#8220;Rinascita dagli scarti&#8221;<\/a><\/h4><p class=\"meta\"><span class=\"vcard\" style=\"display: none;\"><span class=\"fn\"><a href=\"https:\/\/www.anffasms.it\/?author=1\" title=\"Articoli scritti da Confinigrafici\" rel=\"author\">Confinigrafici<\/a><\/span><\/span><span class=\"updated\" style=\"display:none;\">2025-09-15T18:22:49+02:00<\/span><span>Settembre 15th, 2025<\/span><span class=\"fusion-inline-sep\">|<\/span><\/p><\/div><\/article><\/section><div class=\"fusion-infinite-scroll-trigger\"><\/div><div class=\"pagination infinite-scroll clearfix\" style=\"display:none;\"><span class=\"current\">1<\/span><a href=\"https:\/\/www.anffasms.it\/index.php?rest_route=%2Fwp%2Fv2%2Fpages%2F2&#038;paged=2\" class=\"inactive\">2<\/a><a class=\"pagination-next\" rel=\"next\" href=\"https:\/\/www.anffasms.it\/index.php?rest_route=%2Fwp%2Fv2%2Fpages%2F2&#038;paged=2\"><span class=\"page-text\">Prossimo<\/span><span class=\"page-next\"><\/span><\/a><\/div><div class=\"fusion-clearfix\"><\/div><button class=\"fusion-load-more-button fusion-blog-button fusion-clearfix\">Carica altri articoli<\/button><\/div><div class=\"fusion-clearfix\"><\/div><\/div><\/div><\/div><\/div><div class=\"fusion-fullwidth fullwidth-box fusion-builder-row-5 nonhundred-percent-fullwidth non-hundred-percent-height-scrolling\" style=\"--awb-border-radius-top-left:0px;--awb-border-radius-top-right:0px;--awb-border-radius-bottom-right:0px;--awb-border-radius-bottom-left:0px;--awb-flex-wrap:wrap;\" ><div class=\"fusion-builder-row fusion-row\"><div class=\"fusion-layout-column fusion_builder_column fusion-builder-column-5 fusion_builder_column_1_1 1_1 fusion-one-full fusion-column-first fusion-column-last\" style=\"--awb-bg-size:cover;\"><div class=\"fusion-column-wrapper fusion-column-has-shadow fusion-flex-column-wrapper-legacy\"><div class=\"fusion-sep-clear\"><\/div><div class=\"fusion-separator fusion-full-width-sep\" style=\"margin-left: auto;margin-right: auto;margin-top:64px;margin-bottom:64px;width:100%;\"><div class=\"fusion-separator-border sep-single sep-solid\" style=\"--awb-height:20px;--awb-amount:20px;border-color:#e0dede;border-top-width:1px;\"><\/div><\/div><div class=\"fusion-sep-clear\"><\/div><div class=\"fusion-text fusion-text-7\"><h2 style=\"text-align: center;\">Scopri come possiamo aiutare la tua Famiglia<\/h2>\n<\/div><div class=\"fusion-sep-clear\"><\/div><div class=\"fusion-separator fusion-full-width-sep\" style=\"margin-left: auto;margin-right: auto;margin-bottom:32px;width:100%;\"><\/div><div class=\"fusion-sep-clear\"><\/div><div class=\"fusion-clearfix\"><\/div><\/div><\/div><\/div><\/div><div class=\"fusion-fullwidth fullwidth-box fusion-builder-row-6 nonhundred-percent-fullwidth non-hundred-percent-height-scrolling\" style=\"--awb-border-radius-top-left:0px;--awb-border-radius-top-right:0px;--awb-border-radius-bottom-right:0px;--awb-border-radius-bottom-left:0px;--awb-flex-wrap:wrap;\" ><div class=\"fusion-builder-row fusion-row\"><div class=\"fusion-layout-column fusion_builder_column fusion-builder-column-6 fusion_builder_column_1_2 1_2 fusion-one-half fusion-column-first\" style=\"--awb-bg-size:cover;width:50%;width:calc(50% - ( ( 4% ) * 0.5 ) );margin-right: 4%;\"><div class=\"fusion-column-wrapper fusion-column-has-shadow fusion-flex-column-wrapper-legacy\"><div class=\"fusion-image-element in-legacy-container\" style=\"--awb-caption-title-font-family:var(--h2_typography-font-family);--awb-caption-title-font-weight:var(--h2_typography-font-weight);--awb-caption-title-font-style:var(--h2_typography-font-style);--awb-caption-title-size:var(--h2_typography-font-size);--awb-caption-title-transform:var(--h2_typography-text-transform);--awb-caption-title-line-height:var(--h2_typography-line-height);--awb-caption-title-letter-spacing:var(--h2_typography-letter-spacing);\"><span class=\" fusion-imageframe imageframe-none imageframe-4 hover-type-none\"><img decoding=\"async\" width=\"2200\" height=\"1172\" alt=\"Qualit\u00e0 di vita persone con disabilit\u00e0 intellettiva e disturbi del neurosviluppo\" title=\"Qualit\u00e0 di vita persone con disabilit\u00e0 intellettiva e disturbi del neurosviluppo\" src=\"https:\/\/www.anffasms.it\/wp-content\/uploads\/2019\/07\/percorsi_terapeutici_riabilitazione_massa_carrara_anffas_onlus.jpg\" class=\"img-responsive wp-image-5253\" srcset=\"https:\/\/www.anffasms.it\/wp-content\/uploads\/2019\/07\/percorsi_terapeutici_riabilitazione_massa_carrara_anffas_onlus-200x107.jpg 200w, https:\/\/www.anffasms.it\/wp-content\/uploads\/2019\/07\/percorsi_terapeutici_riabilitazione_massa_carrara_anffas_onlus-400x213.jpg 400w, https:\/\/www.anffasms.it\/wp-content\/uploads\/2019\/07\/percorsi_terapeutici_riabilitazione_massa_carrara_anffas_onlus-600x320.jpg 600w, https:\/\/www.anffasms.it\/wp-content\/uploads\/2019\/07\/percorsi_terapeutici_riabilitazione_massa_carrara_anffas_onlus-800x426.jpg 800w, https:\/\/www.anffasms.it\/wp-content\/uploads\/2019\/07\/percorsi_terapeutici_riabilitazione_massa_carrara_anffas_onlus-1200x639.jpg 1200w, https:\/\/www.anffasms.it\/wp-content\/uploads\/2019\/07\/percorsi_terapeutici_riabilitazione_massa_carrara_anffas_onlus.jpg 2200w\" sizes=\"(max-width: 800px) 100vw, 800px\" \/><\/span><\/div><div class=\"fusion-sep-clear\"><\/div><div class=\"fusion-separator fusion-full-width-sep\" style=\"margin-left: auto;margin-right: auto;margin-bottom:32px;width:100%;\"><\/div><div class=\"fusion-sep-clear\"><\/div><div class=\"fusion-text fusion-text-8\"><h3>Percorsi terapeutici<\/h3>\n<p>Anffas Massa Carrara propone percorsi terapeutici ad elevata efficacia per il trattamento di: autismo, disabilit\u00e0 fisiche, disabilit\u00e0 intellettive e relazionali, problematiche di salute mentale.<br \/>\nAnffas Massa Carrara presta grande attenzione alle tematiche della Qualit\u00e0 di Vita e dell\u2019autonomia con lo sviluppo di progetti di vita indipendente.<\/p>\n<p>Visita la sezione <a href=\"https:\/\/www.anffasms.it\/?page_id=3981\"><strong>Percorsi Terapeutici<\/strong><\/a><\/p>\n<\/div><div class=\"fusion-clearfix\"><\/div><\/div><\/div><div class=\"fusion-layout-column fusion_builder_column fusion-builder-column-7 fusion_builder_column_1_2 1_2 fusion-one-half fusion-column-last\" style=\"--awb-bg-size:cover;width:50%;width:calc(50% - ( ( 4% ) * 0.5 ) );\"><div class=\"fusion-column-wrapper fusion-column-has-shadow fusion-flex-column-wrapper-legacy\"><div class=\"fusion-image-element in-legacy-container\" style=\"--awb-caption-title-font-family:var(--h2_typography-font-family);--awb-caption-title-font-weight:var(--h2_typography-font-weight);--awb-caption-title-font-style:var(--h2_typography-font-style);--awb-caption-title-size:var(--h2_typography-font-size);--awb-caption-title-transform:var(--h2_typography-text-transform);--awb-caption-title-line-height:var(--h2_typography-line-height);--awb-caption-title-letter-spacing:var(--h2_typography-letter-spacing);\"><span class=\" fusion-imageframe imageframe-none imageframe-5 hover-type-none\"><img decoding=\"async\" width=\"2200\" height=\"1172\" alt=\"Strutture e servizi per persone con disabilit\u00e0 intellettiva e disturbi del neurosviluppo\" title=\"Strutture e servizi per persone con disabilit\u00e0 intellettiva e disturbi del neurosviluppo\" src=\"https:\/\/www.anffasms.it\/wp-content\/uploads\/2019\/07\/strutture_servizi_anffas_onlus_massa_carrara.jpg\" class=\"img-responsive wp-image-5245\" srcset=\"https:\/\/www.anffasms.it\/wp-content\/uploads\/2019\/07\/strutture_servizi_anffas_onlus_massa_carrara-200x107.jpg 200w, https:\/\/www.anffasms.it\/wp-content\/uploads\/2019\/07\/strutture_servizi_anffas_onlus_massa_carrara-400x213.jpg 400w, https:\/\/www.anffasms.it\/wp-content\/uploads\/2019\/07\/strutture_servizi_anffas_onlus_massa_carrara-600x320.jpg 600w, https:\/\/www.anffasms.it\/wp-content\/uploads\/2019\/07\/strutture_servizi_anffas_onlus_massa_carrara-800x426.jpg 800w, https:\/\/www.anffasms.it\/wp-content\/uploads\/2019\/07\/strutture_servizi_anffas_onlus_massa_carrara-1200x639.jpg 1200w, https:\/\/www.anffasms.it\/wp-content\/uploads\/2019\/07\/strutture_servizi_anffas_onlus_massa_carrara.jpg 2200w\" sizes=\"(max-width: 800px) 100vw, 800px\" \/><\/span><\/div><div class=\"fusion-sep-clear\"><\/div><div class=\"fusion-separator fusion-full-width-sep\" style=\"margin-left: auto;margin-right: auto;margin-bottom:32px;width:100%;\"><\/div><div class=\"fusion-sep-clear\"><\/div><div class=\"fusion-text fusion-text-9\"><h3>Strutture e Servizi<\/h3>\n<p>Anffas Onlus Massa Carrara ha lavorato nel corso del tempo e continua a lavorare con grande impegno alla progettazione di servizi dedicati e alla creazione di strutture sanitarie specializzate, sul territorio della provincia di Massa Carrara, con l\u2019obiettivo di fornire una risposta concreta e capillare alle diverse problematiche trattate.<\/p>\n<p>Visita la sezione <a href=\"https:\/\/www.anffasms.it\/?page_id=3948\"><strong>Strutture e Servizi<\/strong><\/a><\/p>\n<\/div><div class=\"fusion-clearfix\"><\/div><\/div><\/div><\/div><\/div><div class=\"fusion-fullwidth fullwidth-box fusion-builder-row-7 nonhundred-percent-fullwidth non-hundred-percent-height-scrolling\" style=\"--awb-border-radius-top-left:0px;--awb-border-radius-top-right:0px;--awb-border-radius-bottom-right:0px;--awb-border-radius-bottom-left:0px;--awb-flex-wrap:wrap;\" ><div class=\"fusion-builder-row fusion-row\"><div class=\"fusion-layout-column fusion_builder_column fusion-builder-column-8 fusion_builder_column_1_1 1_1 fusion-one-full fusion-column-first fusion-column-last\" style=\"--awb-bg-size:cover;\"><div class=\"fusion-column-wrapper fusion-column-has-shadow fusion-flex-column-wrapper-legacy\"><div class=\"fusion-sep-clear\"><\/div><div class=\"fusion-separator fusion-full-width-sep\" style=\"margin-left: auto;margin-right: auto;margin-top:64px;margin-bottom:64px;width:100%;\"><div class=\"fusion-separator-border sep-single sep-solid\" style=\"--awb-height:20px;--awb-amount:20px;border-color:#e0dede;border-top-width:1px;\"><\/div><\/div><div class=\"fusion-sep-clear\"><\/div><div class=\"fusion-sep-clear\"><\/div><div class=\"fusion-separator fusion-full-width-sep\" style=\"margin-left: auto;margin-right: auto;margin-bottom:32px;width:100%;\"><\/div><div class=\"fusion-sep-clear\"><\/div><div class=\"fusion-clearfix\"><\/div><\/div><\/div><\/div><\/div><div class=\"fusion-fullwidth fullwidth-box fusion-builder-row-8 nonhundred-percent-fullwidth non-hundred-percent-height-scrolling\" style=\"--awb-border-radius-top-left:0px;--awb-border-radius-top-right:0px;--awb-border-radius-bottom-right:0px;--awb-border-radius-bottom-left:0px;--awb-flex-wrap:wrap;\" ><div class=\"fusion-builder-row fusion-row\"><div class=\"fusion-layout-column fusion_builder_column fusion-builder-column-9 fusion_builder_column_1_4 1_4 fusion-one-fourth fusion-column-first\" style=\"--awb-bg-size:cover;width:25%;width:calc(25% - ( ( 4% ) * 0.25 ) );margin-right: 4%;\"><div class=\"fusion-column-wrapper fusion-column-has-shadow fusion-flex-column-wrapper-legacy\"><div class=\"fusion-image-element in-legacy-container\" style=\"--awb-caption-title-font-family:var(--h2_typography-font-family);--awb-caption-title-font-weight:var(--h2_typography-font-weight);--awb-caption-title-font-style:var(--h2_typography-font-style);--awb-caption-title-size:var(--h2_typography-font-size);--awb-caption-title-transform:var(--h2_typography-text-transform);--awb-caption-title-line-height:var(--h2_typography-line-height);--awb-caption-title-letter-spacing:var(--h2_typography-letter-spacing);\"><span class=\" fusion-imageframe imageframe-none imageframe-6 hover-type-none\"><img decoding=\"async\" width=\"315\" height=\"330\" alt=\"Convenzione ONU - Organizzazione delle Nazioni Unite\" title=\"ONU-Organizzazione-Nazioni-Unite_logo\" src=\"https:\/\/www.anffasms.it\/wp-content\/uploads\/2019\/07\/ONU-Organizzazione-Nazioni-Unite_logo.jpg\" class=\"img-responsive wp-image-5127\" srcset=\"https:\/\/www.anffasms.it\/wp-content\/uploads\/2019\/07\/ONU-Organizzazione-Nazioni-Unite_logo-200x210.jpg 200w, https:\/\/www.anffasms.it\/wp-content\/uploads\/2019\/07\/ONU-Organizzazione-Nazioni-Unite_logo.jpg 315w\" sizes=\"(max-width: 800px) 100vw, 315px\" \/><\/span><\/div><div class=\"fusion-clearfix\"><\/div><\/div><\/div><div class=\"fusion-layout-column fusion_builder_column fusion-builder-column-10 fusion_builder_column_3_4 3_4 fusion-three-fourth fusion-column-last\" style=\"--awb-bg-size:cover;width:75%;width:calc(75% - ( ( 4% ) * 0.75 ) );\"><div class=\"fusion-column-wrapper fusion-column-has-shadow fusion-flex-column-wrapper-legacy\"><div class=\"fusion-text fusion-text-10\"><h2>Convenzione ONU sui diritti delle persone con disabilit\u00e0<\/h2>\n<p>Il 13 dicembre 2006 durante la sessantunesima sessione dell\u2019Assemblea Generale delle Nazioni Unite, con la risoluzione A\/RES\/61\/106 l\u2019ONU ha approvato la <strong>Convenzione sui diritti delle persone con disabilit\u00e0<\/strong>. Attraverso i suoi 50 articoli, la Convenzione indica la strada che gli Stati del mondo devono percorrere per garantire i diritti di uguaglianza e di inclusione sociale di tutti i cittadini con disabilit\u00e0.<br \/>\nCon la Legge 3 marzo 2009, n. 18 il Parlamento ne ha autorizzato la ratifica e ha sottoscritto il relativo protocollo opzionale.<\/p>\n<\/div><i class=\"fb-icon-element-1 fb-icon-element fontawesome-icon fa-file-pdf far circle-no fusion-text-flow\" style=\"--awb-iconcolor:#333333;--awb-iconcolor-hover:#333333;--awb-font-size:24px;--awb-margin-right:12px;\"><\/i><div class=\"fusion-text fusion-text-11\"><p><a href=\"https:\/\/www.anffasms.it\/wp-content\/uploads\/2019\/04\/Convenzione_diritti_persone_disabili.pdf\" target=\"_blank\" rel=\"noopener noreferrer\">Convenzione sui diritti delle persone con disabilit\u00e0<\/a><\/p>\n<\/div><i class=\"fb-icon-element-2 fb-icon-element fontawesome-icon fa-file-pdf far circle-no fusion-text-flow\" style=\"--awb-iconcolor:#333333;--awb-iconcolor-hover:#333333;--awb-font-size:24px;--awb-margin-right:12px;\"><\/i><div class=\"fusion-text fusion-text-12\"><p>Convenzione sui diritti delle persone con disabilit\u00e0 &#8211; <a href=\"https:\/\/www.anffasms.it\/wp-content\/uploads\/2019\/04\/Convenzione_diritti_persone_disabili_easy.pdf\" target=\"_blank\" rel=\"noopener noreferrer\">Versione Facile da Leggere<\/a><\/p>\n<\/div><div class=\"fusion-clearfix\"><\/div><\/div><\/div><\/div><\/div><div class=\"fusion-fullwidth fullwidth-box fusion-builder-row-9 nonhundred-percent-fullwidth non-hundred-percent-height-scrolling\" style=\"--awb-border-radius-top-left:0px;--awb-border-radius-top-right:0px;--awb-border-radius-bottom-right:0px;--awb-border-radius-bottom-left:0px;--awb-flex-wrap:wrap;\" ><div class=\"fusion-builder-row fusion-row\"><div class=\"fusion-layout-column fusion_builder_column fusion-builder-column-11 fusion_builder_column_1_1 1_1 fusion-one-full fusion-column-first fusion-column-last\" style=\"--awb-bg-size:cover;\"><div class=\"fusion-column-wrapper fusion-column-has-shadow fusion-flex-column-wrapper-legacy\"><div class=\"fusion-sep-clear\"><\/div><div class=\"fusion-separator fusion-full-width-sep\" style=\"margin-left: auto;margin-right: auto;margin-top:64px;margin-bottom:64px;width:100%;\"><div class=\"fusion-separator-border sep-single sep-solid\" style=\"--awb-height:20px;--awb-amount:20px;border-color:#e0dede;border-top-width:1px;\"><\/div><\/div><div class=\"fusion-sep-clear\"><\/div><div class=\"fusion-text fusion-text-13\"><h2 style=\"text-align: center;\">Sostieni Anffas Onlus Massa Carrara<\/h2>\n<\/div><div class=\"fusion-sep-clear\"><\/div><div class=\"fusion-separator fusion-full-width-sep\" style=\"margin-left: auto;margin-right: auto;margin-bottom:32px;width:100%;\"><\/div><div class=\"fusion-sep-clear\"><\/div><div class=\"fusion-clearfix\"><\/div><\/div><\/div><\/div><\/div><div class=\"fusion-fullwidth fullwidth-box fusion-builder-row-10 nonhundred-percent-fullwidth non-hundred-percent-height-scrolling\" style=\"--awb-border-radius-top-left:0px;--awb-border-radius-top-right:0px;--awb-border-radius-bottom-right:0px;--awb-border-radius-bottom-left:0px;--awb-flex-wrap:wrap;\" ><div class=\"fusion-builder-row fusion-row\"><div class=\"fusion-layout-column fusion_builder_column fusion-builder-column-12 fusion_builder_column_1_4 1_4 fusion-one-fourth fusion-column-first\" style=\"--awb-bg-size:cover;width:25%;width:calc(25% - ( ( 4% + 4% + 4% ) * 0.25 ) );margin-right: 4%;\"><div class=\"fusion-column-wrapper fusion-column-has-shadow fusion-flex-column-wrapper-legacy\"><div class=\"fusion-image-element fusion-image-align-center in-legacy-container\" style=\"text-align:center;--awb-caption-title-font-family:var(--h2_typography-font-family);--awb-caption-title-font-weight:var(--h2_typography-font-weight);--awb-caption-title-font-style:var(--h2_typography-font-style);--awb-caption-title-size:var(--h2_typography-font-size);--awb-caption-title-transform:var(--h2_typography-text-transform);--awb-caption-title-line-height:var(--h2_typography-line-height);--awb-caption-title-letter-spacing:var(--h2_typography-letter-spacing);\"><div class=\"imageframe-align-center\"><span class=\" fusion-imageframe imageframe-none imageframe-7 hover-type-none\"><img decoding=\"async\" width=\"150\" height=\"150\" alt=\"5 per 1000 ad Anffas Onlus Massa Carrara\" title=\"5 per 1000 Anffas Onlus Massa Carrara\" src=\"https:\/\/www.anffasms.it\/wp-content\/uploads\/2019\/12\/5_per_1000_a_anffas_massacarrara-150x150.jpg\" class=\"img-responsive wp-image-5668\" srcset=\"https:\/\/www.anffasms.it\/wp-content\/uploads\/2019\/12\/5_per_1000_a_anffas_massacarrara-200x200.jpg 200w, https:\/\/www.anffasms.it\/wp-content\/uploads\/2019\/12\/5_per_1000_a_anffas_massacarrara-400x400.jpg 400w, https:\/\/www.anffasms.it\/wp-content\/uploads\/2019\/12\/5_per_1000_a_anffas_massacarrara-600x600.jpg 600w, https:\/\/www.anffasms.it\/wp-content\/uploads\/2019\/12\/5_per_1000_a_anffas_massacarrara-800x800.jpg 800w, https:\/\/www.anffasms.it\/wp-content\/uploads\/2019\/12\/5_per_1000_a_anffas_massacarrara-1200x1200.jpg 1200w, https:\/\/www.anffasms.it\/wp-content\/uploads\/2019\/12\/5_per_1000_a_anffas_massacarrara.jpg 1600w\" sizes=\"(max-width: 800px) 100vw, 400px\" \/><\/span><\/div><\/div><div class=\"fusion-sep-clear\"><\/div><div class=\"fusion-separator fusion-full-width-sep\" style=\"margin-left: auto;margin-right: auto;margin-bottom:32px;width:100%;\"><\/div><div class=\"fusion-sep-clear\"><\/div><div class=\"fusion-text fusion-text-14\"><p style=\"text-align: center;\"><a href=\"https:\/\/www.anffasms.it\/?page_id=7955\" target=\"_blank\" rel=\"noopener\"><strong>5 per 1000<\/strong><\/a><\/p>\n<\/div><div class=\"fusion-clearfix\"><\/div><\/div><\/div><div class=\"fusion-layout-column fusion_builder_column fusion-builder-column-13 fusion_builder_column_1_4 1_4 fusion-one-fourth\" style=\"--awb-bg-size:cover;width:25%;width:calc(25% - ( ( 4% + 4% + 4% ) * 0.25 ) );margin-right: 4%;\"><div class=\"fusion-column-wrapper fusion-column-has-shadow fusion-flex-column-wrapper-legacy\"><div class=\"fusion-image-element fusion-image-align-center in-legacy-container\" style=\"text-align:center;--awb-caption-title-font-family:var(--h2_typography-font-family);--awb-caption-title-font-weight:var(--h2_typography-font-weight);--awb-caption-title-font-style:var(--h2_typography-font-style);--awb-caption-title-size:var(--h2_typography-font-size);--awb-caption-title-transform:var(--h2_typography-text-transform);--awb-caption-title-line-height:var(--h2_typography-line-height);--awb-caption-title-letter-spacing:var(--h2_typography-letter-spacing);\"><div class=\"imageframe-align-center\"><span class=\" fusion-imageframe imageframe-none imageframe-8 hover-type-none\"><img decoding=\"async\" width=\"150\" height=\"150\" alt=\"Donazioni a Anffas Onlus Massa Carrara\" title=\"Donazioni a sostegno progetti Anffas Onlus Massa Carrara\" src=\"https:\/\/www.anffasms.it\/wp-content\/uploads\/2019\/12\/donazioni_progetti_anffas_massa_carrara_icon-150x150.jpg\" class=\"img-responsive wp-image-5669\" srcset=\"https:\/\/www.anffasms.it\/wp-content\/uploads\/2019\/12\/donazioni_progetti_anffas_massa_carrara_icon-200x200.jpg 200w, https:\/\/www.anffasms.it\/wp-content\/uploads\/2019\/12\/donazioni_progetti_anffas_massa_carrara_icon-400x400.jpg 400w, https:\/\/www.anffasms.it\/wp-content\/uploads\/2019\/12\/donazioni_progetti_anffas_massa_carrara_icon-600x600.jpg 600w, https:\/\/www.anffasms.it\/wp-content\/uploads\/2019\/12\/donazioni_progetti_anffas_massa_carrara_icon-800x800.jpg 800w, https:\/\/www.anffasms.it\/wp-content\/uploads\/2019\/12\/donazioni_progetti_anffas_massa_carrara_icon-1200x1200.jpg 1200w, https:\/\/www.anffasms.it\/wp-content\/uploads\/2019\/12\/donazioni_progetti_anffas_massa_carrara_icon.jpg 1600w\" sizes=\"(max-width: 800px) 100vw, 400px\" \/><\/span><\/div><\/div><div class=\"fusion-sep-clear\"><\/div><div class=\"fusion-separator fusion-full-width-sep\" style=\"margin-left: auto;margin-right: auto;margin-bottom:32px;width:100%;\"><\/div><div class=\"fusion-sep-clear\"><\/div><div class=\"fusion-text fusion-text-15\"><p style=\"text-align: center;\"><a href=\"https:\/\/www.anffasms.it\/?page_id=43\"><strong>Donazioni<\/strong><\/a><\/p>\n<\/div><div class=\"fusion-clearfix\"><\/div><\/div><\/div><div class=\"fusion-layout-column fusion_builder_column fusion-builder-column-14 fusion_builder_column_1_4 1_4 fusion-one-fourth\" style=\"--awb-bg-size:cover;width:25%;width:calc(25% - ( ( 4% + 4% + 4% ) * 0.25 ) );margin-right: 4%;\"><div class=\"fusion-column-wrapper fusion-column-has-shadow fusion-flex-column-wrapper-legacy\"><div class=\"fusion-image-element fusion-image-align-center in-legacy-container\" style=\"text-align:center;--awb-caption-title-font-family:var(--h2_typography-font-family);--awb-caption-title-font-weight:var(--h2_typography-font-weight);--awb-caption-title-font-style:var(--h2_typography-font-style);--awb-caption-title-size:var(--h2_typography-font-size);--awb-caption-title-transform:var(--h2_typography-text-transform);--awb-caption-title-line-height:var(--h2_typography-line-height);--awb-caption-title-letter-spacing:var(--h2_typography-letter-spacing);\"><div class=\"imageframe-align-center\"><span class=\" fusion-imageframe imageframe-none imageframe-9 hover-type-none\"><img decoding=\"async\" width=\"150\" height=\"150\" alt=\"Testamento Solidale ad Anffas Onlus Massa Carrara\" title=\"Testamento solidale Anffas Onlus Massa Carrara\" src=\"https:\/\/www.anffasms.it\/wp-content\/uploads\/2019\/12\/testamento_solidale_anffas_onlus_massa_carrara-2-150x150.jpg\" class=\"img-responsive wp-image-5670\" srcset=\"https:\/\/www.anffasms.it\/wp-content\/uploads\/2019\/12\/testamento_solidale_anffas_onlus_massa_carrara-2-200x200.jpg 200w, https:\/\/www.anffasms.it\/wp-content\/uploads\/2019\/12\/testamento_solidale_anffas_onlus_massa_carrara-2-400x400.jpg 400w, https:\/\/www.anffasms.it\/wp-content\/uploads\/2019\/12\/testamento_solidale_anffas_onlus_massa_carrara-2.jpg 420w\" sizes=\"(max-width: 800px) 100vw, 400px\" \/><\/span><\/div><\/div><div class=\"fusion-sep-clear\"><\/div><div class=\"fusion-separator fusion-full-width-sep\" style=\"margin-left: auto;margin-right: auto;margin-bottom:32px;width:100%;\"><\/div><div class=\"fusion-sep-clear\"><\/div><div class=\"fusion-text fusion-text-16\"><p style=\"text-align: center;\"><a href=\"https:\/\/www.anffasms.it\/?page_id=2503\"><strong>Testamento solidale<\/strong><\/a><\/p>\n<\/div><div class=\"fusion-clearfix\"><\/div><\/div><\/div><div class=\"fusion-layout-column fusion_builder_column fusion-builder-column-15 fusion_builder_column_1_4 1_4 fusion-one-fourth fusion-column-last\" style=\"--awb-bg-size:cover;width:25%;width:calc(25% - ( ( 4% + 4% + 4% ) * 0.25 ) );\"><div class=\"fusion-column-wrapper fusion-column-has-shadow fusion-flex-column-wrapper-legacy\"><div class=\"fusion-image-element fusion-image-align-center in-legacy-container\" style=\"text-align:center;--awb-caption-title-font-family:var(--h2_typography-font-family);--awb-caption-title-font-weight:var(--h2_typography-font-weight);--awb-caption-title-font-style:var(--h2_typography-font-style);--awb-caption-title-size:var(--h2_typography-font-size);--awb-caption-title-transform:var(--h2_typography-text-transform);--awb-caption-title-line-height:var(--h2_typography-line-height);--awb-caption-title-letter-spacing:var(--h2_typography-letter-spacing);\"><div class=\"imageframe-align-center\"><span class=\" fusion-imageframe imageframe-none imageframe-10 hover-type-none\"><img decoding=\"async\" width=\"150\" height=\"150\" alt=\"Diventa volontario Anffas Massa Carrara\" title=\"Diventa volontario Anffas Massa Carrara\" src=\"https:\/\/www.anffasms.it\/wp-content\/uploads\/2019\/12\/diventaVolontarioAnffas_icona-150x150.jpg\" class=\"img-responsive wp-image-5846\" srcset=\"https:\/\/www.anffasms.it\/wp-content\/uploads\/2019\/12\/diventaVolontarioAnffas_icona-200x200.jpg 200w, https:\/\/www.anffasms.it\/wp-content\/uploads\/2019\/12\/diventaVolontarioAnffas_icona-400x400.jpg 400w, https:\/\/www.anffasms.it\/wp-content\/uploads\/2019\/12\/diventaVolontarioAnffas_icona-600x600.jpg 600w, https:\/\/www.anffasms.it\/wp-content\/uploads\/2019\/12\/diventaVolontarioAnffas_icona.jpg 780w\" sizes=\"(max-width: 800px) 100vw, 400px\" \/><\/span><\/div><\/div><div class=\"fusion-sep-clear\"><\/div><div class=\"fusion-separator fusion-full-width-sep\" style=\"margin-left: auto;margin-right: auto;margin-bottom:32px;width:100%;\"><\/div><div class=\"fusion-sep-clear\"><\/div><div class=\"fusion-text fusion-text-17\"><p style=\"text-align: center;\"><a href=\"https:\/\/www.anffasms.it\/?page_id=37\"><strong>Diventa Volontario<\/strong><\/a><\/p>\n<\/div><div class=\"fusion-clearfix\"><\/div><\/div><\/div><\/div><\/div><\/p>\n","protected":false},"excerpt":{"rendered":"","protected":false},"author":1,"featured_media":0,"parent":0,"menu_order":0,"comment_status":"open","ping_status":"closed","template":"","meta":{"_acf_changed":false,"footnotes":""},"class_list":["post-2","page","type-page","status-publish","hentry"],"acf":[],"yoast_head":"<!-- This site is optimized with the Yoast SEO plugin v27.4 - https:\/\/yoast.com\/product\/yoast-seo-wordpress\/ -->\n<title>Servizi per persone con disabilit\u00e0 intellettiva - Anffas Massa Carrara<\/title>\n<meta name=\"description\" content=\"Servizi qualificati, strutture d\u2019avanguardia, progetti per soggetti con disabilit\u00e0 intellettiva e disturbi del neurosviluppo a Massa Carrara\" \/>\n<meta name=\"robots\" content=\"index, follow, max-snippet:-1, max-image-preview:large, max-video-preview:-1\" \/>\n<link rel=\"canonical\" href=\"https:\/\/www.anffasms.it\/\" \/>\n<meta property=\"og:locale\" content=\"it_IT\" \/>\n<meta property=\"og:type\" content=\"article\" \/>\n<meta property=\"og:title\" content=\"Servizi per persone con disabilit\u00e0 intellettiva - Anffas Massa Carrara\" \/>\n<meta property=\"og:description\" content=\"Servizi qualificati, strutture d\u2019avanguardia, progetti per soggetti con disabilit\u00e0 intellettiva e disturbi del neurosviluppo a Massa Carrara\" \/>\n<meta property=\"og:url\" content=\"https:\/\/www.anffasms.it\/\" \/>\n<meta property=\"og:site_name\" content=\"Anffas Onlus - Massa Carrara\" \/>\n<meta property=\"article:publisher\" content=\"https:\/\/www.facebook.com\/anffasms\/\" \/>\n<meta property=\"article:modified_time\" content=\"2026-04-28T18:23:24+00:00\" \/>\n<meta name=\"twitter:card\" content=\"summary_large_image\" \/>\n<meta name=\"twitter:label1\" content=\"Tempo di lettura stimato\" \/>\n\t<meta name=\"twitter:data1\" content=\"8 minuti\" \/>\n<script type=\"application\/ld+json\" class=\"yoast-schema-graph\">{\"@context\":\"https:\\\/\\\/schema.org\",\"@graph\":[{\"@type\":\"WebPage\",\"@id\":\"https:\\\/\\\/www.anffasms.it\\\/\",\"url\":\"https:\\\/\\\/www.anffasms.it\\\/\",\"name\":\"Servizi per persone con disabilit\u00e0 intellettiva - Anffas Massa Carrara\",\"isPartOf\":{\"@id\":\"https:\\\/\\\/www.anffasms.it\\\/#website\"},\"datePublished\":\"2013-06-21T14:04:48+00:00\",\"dateModified\":\"2026-04-28T18:23:24+00:00\",\"description\":\"Servizi qualificati, strutture d\u2019avanguardia, progetti per soggetti con disabilit\u00e0 intellettiva e disturbi del neurosviluppo a Massa Carrara\",\"breadcrumb\":{\"@id\":\"https:\\\/\\\/www.anffasms.it\\\/#breadcrumb\"},\"inLanguage\":\"it-IT\",\"potentialAction\":[{\"@type\":\"ReadAction\",\"target\":[\"https:\\\/\\\/www.anffasms.it\\\/\"]}]},{\"@type\":\"BreadcrumbList\",\"@id\":\"https:\\\/\\\/www.anffasms.it\\\/#breadcrumb\",\"itemListElement\":[{\"@type\":\"ListItem\",\"position\":1,\"name\":\"Home\",\"item\":\"https:\\\/\\\/www.anffasms.it\\\/\"},{\"@type\":\"ListItem\",\"position\":2,\"name\":\"Home\"}]},{\"@type\":\"WebSite\",\"@id\":\"https:\\\/\\\/www.anffasms.it\\\/#website\",\"url\":\"https:\\\/\\\/www.anffasms.it\\\/\",\"name\":\"Anffas Onlus - Massa Carrara\",\"description\":\"\",\"publisher\":{\"@id\":\"https:\\\/\\\/www.anffasms.it\\\/#organization\"},\"potentialAction\":[{\"@type\":\"SearchAction\",\"target\":{\"@type\":\"EntryPoint\",\"urlTemplate\":\"https:\\\/\\\/www.anffasms.it\\\/?s={search_term_string}\"},\"query-input\":{\"@type\":\"PropertyValueSpecification\",\"valueRequired\":true,\"valueName\":\"search_term_string\"}}],\"inLanguage\":\"it-IT\"},{\"@type\":\"Organization\",\"@id\":\"https:\\\/\\\/www.anffasms.it\\\/#organization\",\"name\":\"Anffas Massa Carrara Onlus\",\"url\":\"https:\\\/\\\/www.anffasms.it\\\/\",\"logo\":{\"@type\":\"ImageObject\",\"inLanguage\":\"it-IT\",\"@id\":\"https:\\\/\\\/www.anffasms.it\\\/#\\\/schema\\\/logo\\\/image\\\/\",\"url\":\"https:\\\/\\\/www.anffasms.it\\\/wp-content\\\/uploads\\\/2018\\\/07\\\/logo_anffas_onlus_massa_carrara.png\",\"contentUrl\":\"https:\\\/\\\/www.anffasms.it\\\/wp-content\\\/uploads\\\/2018\\\/07\\\/logo_anffas_onlus_massa_carrara.png\",\"width\":274,\"height\":108,\"caption\":\"Anffas Massa Carrara Onlus\"},\"image\":{\"@id\":\"https:\\\/\\\/www.anffasms.it\\\/#\\\/schema\\\/logo\\\/image\\\/\"},\"sameAs\":[\"https:\\\/\\\/www.facebook.com\\\/anffasms\\\/\"]}]}<\/script>\n<!-- \/ Yoast SEO plugin. -->","yoast_head_json":{"title":"Servizi per persone con disabilit\u00e0 intellettiva - Anffas Massa Carrara","description":"Servizi qualificati, strutture d\u2019avanguardia, progetti per soggetti con disabilit\u00e0 intellettiva e disturbi del neurosviluppo a Massa Carrara","robots":{"index":"index","follow":"follow","max-snippet":"max-snippet:-1","max-image-preview":"max-image-preview:large","max-video-preview":"max-video-preview:-1"},"canonical":"https:\/\/www.anffasms.it\/","og_locale":"it_IT","og_type":"article","og_title":"Servizi per persone con disabilit\u00e0 intellettiva - Anffas Massa Carrara","og_description":"Servizi qualificati, strutture d\u2019avanguardia, progetti per soggetti con disabilit\u00e0 intellettiva e disturbi del neurosviluppo a Massa Carrara","og_url":"https:\/\/www.anffasms.it\/","og_site_name":"Anffas Onlus - Massa Carrara","article_publisher":"https:\/\/www.facebook.com\/anffasms\/","article_modified_time":"2026-04-28T18:23:24+00:00","twitter_card":"summary_large_image","twitter_misc":{"Tempo di lettura stimato":"8 minuti"},"schema":{"@context":"https:\/\/schema.org","@graph":[{"@type":"WebPage","@id":"https:\/\/www.anffasms.it\/","url":"https:\/\/www.anffasms.it\/","name":"Servizi per persone con disabilit\u00e0 intellettiva - Anffas Massa Carrara","isPartOf":{"@id":"https:\/\/www.anffasms.it\/#website"},"datePublished":"2013-06-21T14:04:48+00:00","dateModified":"2026-04-28T18:23:24+00:00","description":"Servizi qualificati, strutture d\u2019avanguardia, progetti per soggetti con disabilit\u00e0 intellettiva e disturbi del neurosviluppo a Massa Carrara","breadcrumb":{"@id":"https:\/\/www.anffasms.it\/#breadcrumb"},"inLanguage":"it-IT","potentialAction":[{"@type":"ReadAction","target":["https:\/\/www.anffasms.it\/"]}]},{"@type":"BreadcrumbList","@id":"https:\/\/www.anffasms.it\/#breadcrumb","itemListElement":[{"@type":"ListItem","position":1,"name":"Home","item":"https:\/\/www.anffasms.it\/"},{"@type":"ListItem","position":2,"name":"Home"}]},{"@type":"WebSite","@id":"https:\/\/www.anffasms.it\/#website","url":"https:\/\/www.anffasms.it\/","name":"Anffas Onlus - Massa Carrara","description":"","publisher":{"@id":"https:\/\/www.anffasms.it\/#organization"},"potentialAction":[{"@type":"SearchAction","target":{"@type":"EntryPoint","urlTemplate":"https:\/\/www.anffasms.it\/?s={search_term_string}"},"query-input":{"@type":"PropertyValueSpecification","valueRequired":true,"valueName":"search_term_string"}}],"inLanguage":"it-IT"},{"@type":"Organization","@id":"https:\/\/www.anffasms.it\/#organization","name":"Anffas Massa Carrara Onlus","url":"https:\/\/www.anffasms.it\/","logo":{"@type":"ImageObject","inLanguage":"it-IT","@id":"https:\/\/www.anffasms.it\/#\/schema\/logo\/image\/","url":"https:\/\/www.anffasms.it\/wp-content\/uploads\/2018\/07\/logo_anffas_onlus_massa_carrara.png","contentUrl":"https:\/\/www.anffasms.it\/wp-content\/uploads\/2018\/07\/logo_anffas_onlus_massa_carrara.png","width":274,"height":108,"caption":"Anffas Massa Carrara Onlus"},"image":{"@id":"https:\/\/www.anffasms.it\/#\/schema\/logo\/image\/"},"sameAs":["https:\/\/www.facebook.com\/anffasms\/"]}]}},"_links":{"self":[{"href":"https:\/\/www.anffasms.it\/index.php?rest_route=\/wp\/v2\/pages\/2","targetHints":{"allow":["GET"]}}],"collection":[{"href":"https:\/\/www.anffasms.it\/index.php?rest_route=\/wp\/v2\/pages"}],"about":[{"href":"https:\/\/www.anffasms.it\/index.php?rest_route=\/wp\/v2\/types\/page"}],"author":[{"embeddable":true,"href":"https:\/\/www.anffasms.it\/index.php?rest_route=\/wp\/v2\/users\/1"}],"replies":[{"embeddable":true,"href":"https:\/\/www.anffasms.it\/index.php?rest_route=%2Fwp%2Fv2%2Fcomments&post=2"}],"version-history":[{"count":508,"href":"https:\/\/www.anffasms.it\/index.php?rest_route=\/wp\/v2\/pages\/2\/revisions"}],"predecessor-version":[{"id":8703,"href":"https:\/\/www.anffasms.it\/index.php?rest_route=\/wp\/v2\/pages\/2\/revisions\/8703"}],"wp:attachment":[{"href":"https:\/\/www.anffasms.it\/index.php?rest_route=%2Fwp%2Fv2%2Fmedia&parent=2"}],"curies":[{"name":"wp","href":"https:\/\/api.w.org\/{rel}","templated":true}]}}