{"id":5494,"date":"2019-11-26T15:09:41","date_gmt":"2019-11-26T14:09:41","guid":{"rendered":"https:\/\/www.anffasms.it\/?page_id=5494"},"modified":"2019-12-10T12:52:32","modified_gmt":"2019-12-10T11:52:32","slug":"test","status":"publish","type":"page","link":"https:\/\/www.anffasms.it\/?page_id=5494","title":{"rendered":"Le tappe di Anffas"},"content":{"rendered":"<p><div class=\"fusion-fullwidth fullwidth-box fusion-builder-row-1 nonhundred-percent-fullwidth non-hundred-percent-height-scrolling\" style=\"--awb-border-radius-top-left:0px;--awb-border-radius-top-right:0px;--awb-border-radius-bottom-right:0px;--awb-border-radius-bottom-left:0px;--awb-flex-wrap:wrap;\" ><div class=\"fusion-builder-row fusion-row\"><div class=\"fusion-layout-column fusion_builder_column fusion-builder-column-0 fusion_builder_column_1_1 1_1 fusion-one-full fusion-column-first fusion-column-last\" style=\"--awb-bg-size:cover;\"><div class=\"fusion-column-wrapper fusion-column-has-shadow fusion-flex-column-wrapper-legacy\"><div class=\"fusion-text fusion-text-1\"><p>[no_toc]<\/p>\n<h2>Le tappe di <abbr title=\"Associazione di famiglie e persone con disabilit\u00e0 intellettiva e disturbi del neurosviluppo\">Anffas<\/abbr><\/h2>\n<p>Le tappe fondamentali della storia di Anffas Nazionale &#8230;<\/p>\n<\/div><div class=\"fusion-clearfix\"><\/div><\/div><\/div><\/div><\/div><div class=\"fusion-fullwidth fullwidth-box fusion-builder-row-2 nonhundred-percent-fullwidth non-hundred-percent-height-scrolling\" style=\"--awb-border-radius-top-left:0px;--awb-border-radius-top-right:0px;--awb-border-radius-bottom-right:0px;--awb-border-radius-bottom-left:0px;--awb-flex-wrap:wrap;\" ><div class=\"fusion-builder-row fusion-row\"><div class=\"fusion-layout-column fusion_builder_column fusion-builder-column-1 fusion_builder_column_1_1 1_1 fusion-one-full fusion-column-first fusion-column-last\" style=\"--awb-bg-size:cover;\"><div class=\"fusion-column-wrapper fusion-column-has-shadow fusion-flex-column-wrapper-legacy\"><div class=\"fusion-content-boxes content-boxes columns row fusion-columns-3 fusion-columns-total-17 fusion-content-boxes-1 content-boxes-timeline-horizontal content-left content-boxes-icon-on-top content-boxes-timeline-layout tappeAnffas fusion-delayed-animation\" style=\"--awb-backgroundcolor:#f8f8f8;--awb-body-color:#33383e;--awb-title-color:#003355697;--awb-iconcolor:#035697;--awb-hover-accent-color:#035697;--awb-circle-hover-accent-color:transparent;\" data-animation-delay=\"350\" data-animationOffset=\"top-into-view\"><div style=\"--awb-backgroundcolor:#f8f8f8;--awb-iconcolor:#035697;\" class=\"fusion-column content-box-column content-box-column content-box-column-1 col-lg-4 col-md-4 col-sm-4 fusion-content-box-hover content-box-column-first-in-row\"><div class=\"col content-box-wrapper content-wrapper-background link-area-link-icon icon-hover-animation-none fusion-animated\" data-animationType=\"fadeIn\" data-animationDuration=\"0.25\" data-animationOffset=\"top-into-view\"><div class=\"heading heading-with-icon icon-left\"><div class=\"icon\" style=\"-webkit-animation-duration: 350ms;animation-duration: 350ms;\"><i style=\"background-color:transparent;border-color:transparent;height:auto;width: 36px;line-height:normal;font-size:36px;\" aria-hidden=\"true\" class=\"fontawesome-icon fa-calendar-alt far circle-no\"><\/i><\/div><h3 class=\"content-box-heading\" style=\"--h3_typography-font-size:18px;line-height:23px;\">28 Marzo 1958<\/h3><\/div><div class=\"fusion-clearfix\"><\/div><div class=\"content-container\">\n<p>Anffas viene costituita a Roma come \u201cAssociazione Nazionale Famiglie di Fanciulli Minorati Psichici\u201d<\/p>\n<\/div><\/div><\/div><div style=\"--awb-backgroundcolor:#f8f8f8;--awb-iconcolor:#035697;\" class=\"fusion-column content-box-column content-box-column content-box-column-2 col-lg-4 col-md-4 col-sm-4 fusion-content-box-hover \"><div class=\"col content-box-wrapper content-wrapper-background link-area-link-icon icon-hover-animation-none fusion-animated\" data-animationType=\"fadeIn\" data-animationDuration=\"0.25\" data-animationOffset=\"top-into-view\"><div class=\"heading heading-with-icon icon-left\"><div class=\"icon\" style=\"-webkit-animation-duration: 350ms;animation-duration: 350ms;\"><i style=\"background-color:transparent;border-color:transparent;height:auto;width: 36px;line-height:normal;font-size:36px;\" aria-hidden=\"true\" class=\"fontawesome-icon fa-calendar-alt far circle-no\"><\/i><\/div><h3 class=\"content-box-heading\" style=\"--h3_typography-font-size:18px;line-height:23px;\">Novembre 1960<\/h3><\/div><div class=\"fusion-clearfix\"><\/div><div class=\"content-container\">\n<p>Anffas muta la sua denominazione in &#8220;Associazione Nazionale Famiglie di Fanciulli Subnormali&#8221; da cui l&#8217;acronimo ANFFaS<\/p>\n<\/div><\/div><\/div><div style=\"--awb-backgroundcolor:#f8f8f8;--awb-iconcolor:#035697;\" class=\"fusion-column content-box-column content-box-column content-box-column-3 col-lg-4 col-md-4 col-sm-4 fusion-content-box-hover content-box-column-last-in-row\"><div class=\"col content-box-wrapper content-wrapper-background link-area-link-icon icon-hover-animation-none fusion-animated\" data-animationType=\"fadeIn\" data-animationDuration=\"0.25\" data-animationOffset=\"top-into-view\"><div class=\"heading heading-with-icon icon-left\"><div class=\"icon\" style=\"-webkit-animation-duration: 350ms;animation-duration: 350ms;\"><i style=\"background-color:transparent;border-color:transparent;height:auto;width: 36px;line-height:normal;font-size:36px;\" aria-hidden=\"true\" class=\"fontawesome-icon fa-calendar-alt far circle-no\"><\/i><\/div><h3 class=\"content-box-heading\" style=\"--h3_typography-font-size:18px;line-height:23px;\">Settembre 1976<\/h3><\/div><div class=\"fusion-clearfix\"><\/div><div class=\"content-container\">\n<p>Anffas ottiene il riconoscimento della personalit\u00e0 giuridica, ai sensi del <abbr title=\"Decreto del Presidente della Repubblica\">D.P.R.<\/abbr> <abbr title=\"Numero\">n\u00b0<\/abbr> 1542\/64<\/p>\n<\/div><\/div><\/div><div style=\"--awb-backgroundcolor:#f8f8f8;--awb-iconcolor:#035697;\" class=\"fusion-column content-box-column content-box-column content-box-column-4 col-lg-4 col-md-4 col-sm-4 fusion-content-box-hover content-box-column-first-in-row\"><div class=\"col content-box-wrapper content-wrapper-background link-area-link-icon icon-hover-animation-none fusion-animated\" data-animationType=\"fadeIn\" data-animationDuration=\"0.25\" data-animationOffset=\"top-into-view\"><div class=\"heading heading-with-icon icon-left\"><div class=\"icon\" style=\"-webkit-animation-duration: 350ms;animation-duration: 350ms;\"><i style=\"background-color:transparent;border-color:transparent;height:auto;width: 36px;line-height:normal;font-size:36px;\" aria-hidden=\"true\" class=\"fontawesome-icon fa-calendar-alt far circle-no\"><\/i><\/div><h3 class=\"content-box-heading\" style=\"--h3_typography-font-size:18px;line-height:23px;\">1984<\/h3><\/div><div class=\"fusion-clearfix\"><\/div><div class=\"content-container\">\n<p>Viene costituita la Fondazione Nazionale \u201cDopo di Noi\u201d Anffas<\/p>\n<\/div><\/div><\/div><div style=\"--awb-backgroundcolor:#f8f8f8;--awb-iconcolor:#035697;\" class=\"fusion-column content-box-column content-box-column content-box-column-5 col-lg-4 col-md-4 col-sm-4 fusion-content-box-hover \"><div class=\"col content-box-wrapper content-wrapper-background link-area-link-icon icon-hover-animation-none fusion-animated\" data-animationType=\"fadeIn\" data-animationDuration=\"0.25\" data-animationOffset=\"top-into-view\"><div class=\"heading heading-with-icon icon-left\"><div class=\"icon\" style=\"-webkit-animation-duration: 350ms;animation-duration: 350ms;\"><i style=\"background-color:transparent;border-color:transparent;height:auto;width: 36px;line-height:normal;font-size:36px;\" aria-hidden=\"true\" class=\"fontawesome-icon fa-calendar-alt far circle-no\"><\/i><\/div><h3 class=\"content-box-heading\" style=\"--h3_typography-font-size:18px;line-height:23px;\">1995<\/h3><\/div><div class=\"fusion-clearfix\"><\/div><div class=\"content-container\">\n<p>Anffas redige per la prima volta il 1\u00b0 Contratto Collettivo Nazionale di Lavoro per tutti i suoi dipendenti, che erano gi\u00e0 migliaia sull\u2019intero territorio nazionale<\/p>\n<\/div><\/div><\/div><div style=\"--awb-backgroundcolor:#f8f8f8;--awb-iconcolor:#035697;\" class=\"fusion-column content-box-column content-box-column content-box-column-6 col-lg-4 col-md-4 col-sm-4 fusion-content-box-hover content-box-column-last-in-row\"><div class=\"col content-box-wrapper content-wrapper-background link-area-link-icon icon-hover-animation-none fusion-animated\" data-animationType=\"fadeIn\" data-animationDuration=\"0.25\" data-animationOffset=\"top-into-view\"><div class=\"heading heading-with-icon icon-left\"><div class=\"icon\" style=\"-webkit-animation-duration: 350ms;animation-duration: 350ms;\"><i style=\"background-color:transparent;border-color:transparent;height:auto;width: 36px;line-height:normal;font-size:36px;\" aria-hidden=\"true\" class=\"fontawesome-icon fa-calendar-alt far circle-no\"><\/i><\/div><h3 class=\"content-box-heading\" style=\"--h3_typography-font-size:18px;line-height:23px;\"> Maggio 1997<\/h3><\/div><div class=\"fusion-clearfix\"><\/div><div class=\"content-container\">\n<p>Anffas muta la sua denominazione in \u201cAssociazione Nazionale Famiglie di Disabili Intellettivi e Relazionali\u201d<\/p>\n<\/div><\/div><\/div><div style=\"--awb-backgroundcolor:#f8f8f8;--awb-iconcolor:#035697;\" class=\"fusion-column content-box-column content-box-column content-box-column-7 col-lg-4 col-md-4 col-sm-4 fusion-content-box-hover content-box-column-first-in-row\"><div class=\"col content-box-wrapper content-wrapper-background link-area-link-icon icon-hover-animation-none fusion-animated\" data-animationType=\"fadeIn\" data-animationDuration=\"0.25\" data-animationOffset=\"top-into-view\"><div class=\"heading heading-with-icon icon-left\"><div class=\"icon\" style=\"-webkit-animation-duration: 350ms;animation-duration: 350ms;\"><i style=\"background-color:transparent;border-color:transparent;height:auto;width: 36px;line-height:normal;font-size:36px;\" aria-hidden=\"true\" class=\"fontawesome-icon fa-calendar-alt far circle-no\"><\/i><\/div><h3 class=\"content-box-heading\" style=\"--h3_typography-font-size:18px;line-height:23px;\">Febbraio 2000<\/h3><\/div><div class=\"fusion-clearfix\"><\/div><div class=\"content-container\">\n<p>Anffas acquisisce la qualifica di ONLUS (Organizzazione non lucrativa di utilit\u00e0 sociale)<\/p>\n<\/div><\/div><\/div><div style=\"--awb-backgroundcolor:#f8f8f8;--awb-iconcolor:#035697;\" class=\"fusion-column content-box-column content-box-column content-box-column-8 col-lg-4 col-md-4 col-sm-4 fusion-content-box-hover \"><div class=\"col content-box-wrapper content-wrapper-background link-area-link-icon icon-hover-animation-none fusion-animated\" data-animationType=\"fadeIn\" data-animationDuration=\"0.25\" data-animationOffset=\"top-into-view\"><div class=\"heading heading-with-icon icon-left\"><div class=\"icon\" style=\"-webkit-animation-duration: 350ms;animation-duration: 350ms;\"><i style=\"background-color:transparent;border-color:transparent;height:auto;width: 36px;line-height:normal;font-size:36px;\" aria-hidden=\"true\" class=\"fontawesome-icon fa-calendar-alt far circle-no\"><\/i><\/div><h3 class=\"content-box-heading\" style=\"--h3_typography-font-size:18px;line-height:23px;\">Novembre 2000<\/h3><\/div><div class=\"fusion-clearfix\"><\/div><div class=\"content-container\">\n<p>Anffas riorganizza la propria struttura sul modello associativo di tipo federale superando la tradizionale struttura con unitaria personalit\u00e0 giuridica<\/p>\n<\/div><\/div><\/div><div style=\"--awb-backgroundcolor:#f8f8f8;--awb-iconcolor:#035697;\" class=\"fusion-column content-box-column content-box-column content-box-column-9 col-lg-4 col-md-4 col-sm-4 fusion-content-box-hover content-box-column-last-in-row\"><div class=\"col content-box-wrapper content-wrapper-background link-area-link-icon icon-hover-animation-none fusion-animated\" data-animationType=\"fadeIn\" data-animationDuration=\"0.25\" data-animationOffset=\"top-into-view\"><div class=\"heading heading-with-icon icon-left\"><div class=\"icon\" style=\"-webkit-animation-duration: 350ms;animation-duration: 350ms;\"><i style=\"background-color:transparent;border-color:transparent;height:auto;width: 36px;line-height:normal;font-size:36px;\" aria-hidden=\"true\" class=\"fontawesome-icon fa-calendar-alt far circle-no\"><\/i><\/div><h3 class=\"content-box-heading\" style=\"--h3_typography-font-size:18px;line-height:23px;\">Ottobre 2004<\/h3><\/div><div class=\"fusion-clearfix\"><\/div><div class=\"content-container\">\n<p>Anffas viene iscritta al numero 95 del registro Nazionale delle Associazioni di Promozione Sociale<\/p>\n<\/div><\/div><\/div><div style=\"--awb-backgroundcolor:#f8f8f8;--awb-iconcolor:#035697;\" class=\"fusion-column content-box-column content-box-column content-box-column-10 col-lg-4 col-md-4 col-sm-4 fusion-content-box-hover content-box-column-first-in-row\"><div class=\"col content-box-wrapper content-wrapper-background link-area-link-icon icon-hover-animation-none fusion-animated\" data-animationType=\"fadeIn\" data-animationDuration=\"0.25\" data-animationOffset=\"top-into-view\"><div class=\"heading heading-with-icon icon-left\"><div class=\"icon\" style=\"-webkit-animation-duration: 350ms;animation-duration: 350ms;\"><i style=\"background-color:transparent;border-color:transparent;height:auto;width: 36px;line-height:normal;font-size:36px;\" aria-hidden=\"true\" class=\"fontawesome-icon fa-calendar-alt far circle-no\"><\/i><\/div><h3 class=\"content-box-heading\" style=\"--h3_typography-font-size:18px;line-height:23px;\">Dicembre 2005<\/h3><\/div><div class=\"fusion-clearfix\"><\/div><div class=\"content-container\">\n<p>Anffas modifica la sua denominazione \u201cAssociazione Nazionale Famiglie di Persone con Disabilit\u00e0 Intellettive e\/o Relazionali\u201d. Questa denominazione \u00e8 altres\u00ec rispettosa della Persona con disabilit\u00e0 nonch\u00e9 del valore che tale Persona rappresenta per l\u2019intera societ\u00e0.<\/p>\n<\/div><\/div><\/div><div style=\"--awb-backgroundcolor:#f8f8f8;--awb-iconcolor:#035697;\" class=\"fusion-column content-box-column content-box-column content-box-column-11 col-lg-4 col-md-4 col-sm-4 fusion-content-box-hover \"><div class=\"col content-box-wrapper content-wrapper-background link-area-link-icon icon-hover-animation-none fusion-animated\" data-animationType=\"fadeIn\" data-animationDuration=\"0.25\" data-animationOffset=\"top-into-view\"><div class=\"heading heading-with-icon icon-left\"><div class=\"icon\" style=\"-webkit-animation-duration: 350ms;animation-duration: 350ms;\"><i style=\"background-color:transparent;border-color:transparent;height:auto;width: 36px;line-height:normal;font-size:36px;\" aria-hidden=\"true\" class=\"fontawesome-icon fa-calendar-alt far circle-no\"><\/i><\/div><h3 class=\"content-box-heading\" style=\"--h3_typography-font-size:18px;line-height:23px;\">2006<\/h3><\/div><div class=\"fusion-clearfix\"><\/div><div class=\"content-container\">\n<p>Trasformazione del numero verde nazionale, che riceveva centinaia di richieste d\u2019aiuto, nel servizio S.A.I? Nazionale (Servizio Accoglienza e Informazione)<\/p>\n<\/div><\/div><\/div><div style=\"--awb-backgroundcolor:#f8f8f8;--awb-iconcolor:#035697;\" class=\"fusion-column content-box-column content-box-column content-box-column-12 col-lg-4 col-md-4 col-sm-4 fusion-content-box-hover content-box-column-last-in-row\"><div class=\"col content-box-wrapper content-wrapper-background link-area-link-icon icon-hover-animation-none fusion-animated\" data-animationType=\"fadeIn\" data-animationDuration=\"0.25\" data-animationOffset=\"top-into-view\"><div class=\"heading heading-with-icon icon-left\"><div class=\"icon\" style=\"-webkit-animation-duration: 350ms;animation-duration: 350ms;\"><i style=\"background-color:transparent;border-color:transparent;height:auto;width: 36px;line-height:normal;font-size:36px;\" aria-hidden=\"true\" class=\"fontawesome-icon fa-calendar-alt far circle-no\"><\/i><\/div><h3 class=\"content-box-heading\" style=\"--h3_typography-font-size:18px;line-height:23px;\">Marzo 2008<\/h3><\/div><div class=\"fusion-clearfix\"><\/div><div class=\"content-container\">\n<p>Anffas festeggia i propri 50 anni di attivit\u00e0, celebrando e rafforzando il proprio impegno a favore della promozione e tutela dei diritti umani delle persone con disabilit\u00e0 intellettiva e\/o relazionale e dei loro genitori e familiari<\/p>\n<\/div><\/div><\/div><div style=\"--awb-backgroundcolor:#f8f8f8;--awb-iconcolor:#035697;\" class=\"fusion-column content-box-column content-box-column content-box-column-13 col-lg-4 col-md-4 col-sm-4 fusion-content-box-hover content-box-column-first-in-row\"><div class=\"col content-box-wrapper content-wrapper-background link-area-link-icon icon-hover-animation-none fusion-animated\" data-animationType=\"fadeIn\" data-animationDuration=\"0.25\" data-animationOffset=\"top-into-view\"><div class=\"heading heading-with-icon icon-left\"><div class=\"icon\" style=\"-webkit-animation-duration: 350ms;animation-duration: 350ms;\"><i style=\"background-color:transparent;border-color:transparent;height:auto;width: 36px;line-height:normal;font-size:36px;\" aria-hidden=\"true\" class=\"fontawesome-icon fa-calendar-alt far circle-no\"><\/i><\/div><h3 class=\"content-box-heading\" style=\"--h3_typography-font-size:18px;line-height:23px;\">Marzo 2016<\/h3><\/div><div class=\"fusion-clearfix\"><\/div><div class=\"content-container\">\n<p>Anffas Onlus viene convocata in Quirinale alla presenza del Presidente della Repubblica, Sergio Mattarella in occasione della Giornata Nazionale della disabilit\u00e0<\/p>\n<\/div><\/div><\/div><div style=\"--awb-backgroundcolor:#f8f8f8;--awb-iconcolor:#035697;\" class=\"fusion-column content-box-column content-box-column content-box-column-14 col-lg-4 col-md-4 col-sm-4 fusion-content-box-hover \"><div class=\"col content-box-wrapper content-wrapper-background link-area-link-icon icon-hover-animation-none fusion-animated\" data-animationType=\"fadeIn\" data-animationDuration=\"0.25\" data-animationOffset=\"top-into-view\"><div class=\"heading heading-with-icon icon-left\"><div class=\"icon\" style=\"-webkit-animation-duration: 350ms;animation-duration: 350ms;\"><i style=\"background-color:transparent;border-color:transparent;height:auto;width: 36px;line-height:normal;font-size:36px;\" aria-hidden=\"true\" class=\"fontawesome-icon fa-calendar-alt far circle-no\"><\/i><\/div><h3 class=\"content-box-heading\" style=\"--h3_typography-font-size:18px;line-height:23px;\">Giugno 2016<\/h3><\/div><div class=\"fusion-clearfix\"><\/div><div class=\"content-container\">L\u2019Assemblea Nazionale Anffas approva all\u2019umanit\u00e0 il MANIFESTO DI MILANO che contiene la NUOVA <span lang=\"en\" title=\"Visione\"> VISION<\/span> ASSOCIATIVA<\/div><\/div><\/div><div style=\"--awb-backgroundcolor:#f8f8f8;--awb-iconcolor:#035697;\" class=\"fusion-column content-box-column content-box-column content-box-column-15 col-lg-4 col-md-4 col-sm-4 fusion-content-box-hover content-box-column-last-in-row\"><div class=\"col content-box-wrapper content-wrapper-background link-area-link-icon icon-hover-animation-none fusion-animated\" data-animationType=\"fadeIn\" data-animationDuration=\"0.25\" data-animationOffset=\"top-into-view\"><div class=\"heading heading-with-icon icon-left\"><div class=\"icon\" style=\"-webkit-animation-duration: 350ms;animation-duration: 350ms;\"><i style=\"background-color:transparent;border-color:transparent;height:auto;width: 36px;line-height:normal;font-size:36px;\" aria-hidden=\"true\" class=\"fontawesome-icon fa-calendar-alt far circle-no\"><\/i><\/div><h3 class=\"content-box-heading\" style=\"--h3_typography-font-size:18px;line-height:23px;\">Settembre 2016<\/h3><\/div><div class=\"fusion-clearfix\"><\/div><div class=\"content-container\">\n<p>Grazie al Progetto IO CITTADINO, Anffas d\u00e0 vita alla Prima Piattaforma Italiana degli Autorappresentanti (persone con disabilit\u00e0 intellettive che adeguatamente preparate e supportate si riconoscono e rivendicano in prima persona i loro diritti!)<\/p>\n<\/div><\/div><\/div><div style=\"--awb-backgroundcolor:#f8f8f8;--awb-iconcolor:#035697;\" class=\"fusion-column content-box-column content-box-column content-box-column-16 col-lg-4 col-md-4 col-sm-4 fusion-content-box-hover content-box-column-first-in-row\"><div class=\"col content-box-wrapper content-wrapper-background link-area-link-icon icon-hover-animation-none fusion-animated\" data-animationType=\"fadeIn\" data-animationDuration=\"0.25\" data-animationOffset=\"top-into-view\"><div class=\"heading heading-with-icon icon-left\"><div class=\"icon\" style=\"-webkit-animation-duration: 350ms;animation-duration: 350ms;\"><i style=\"background-color:transparent;border-color:transparent;height:auto;width: 36px;line-height:normal;font-size:36px;\" aria-hidden=\"true\" class=\"fontawesome-icon fa-calendar-alt far circle-no\"><\/i><\/div><h3 class=\"content-box-heading\" style=\"--h3_typography-font-size:18px;line-height:23px;\">Marzo 2018<\/h3><\/div><div class=\"fusion-clearfix\"><\/div><div class=\"content-container\">\n<p>Iniziano i festeggiamenti del sessantennale di Anffas dal titolo &#8220;Anffas 60 anni di futuro&#8221; che termineranno con il Convegno Nazionale di Novembre 2018.<\/p>\n<\/div><\/div><\/div><div style=\"--awb-backgroundcolor:#f8f8f8;--awb-iconcolor:#035697;\" class=\"fusion-column content-box-column content-box-column content-box-column-17 col-lg-4 col-md-4 col-sm-4 fusion-content-box-hover content-box-column-last\"><div class=\"col content-box-wrapper content-wrapper-background link-area-link-icon icon-hover-animation-none fusion-animated\" data-animationType=\"fadeIn\" data-animationDuration=\"0.25\" data-animationOffset=\"top-into-view\"><div class=\"heading heading-with-icon icon-left\"><div class=\"icon\" style=\"-webkit-animation-duration: 350ms;animation-duration: 350ms;\"><i style=\"background-color:transparent;border-color:transparent;height:auto;width: 36px;line-height:normal;font-size:36px;\" aria-hidden=\"true\" class=\"fontawesome-icon fa-calendar-alt far circle-no\"><\/i><\/div><h3 class=\"content-box-heading\" style=\"--h3_typography-font-size:18px;line-height:23px;\">Maggio 2019<\/h3><\/div><div class=\"fusion-clearfix\"><\/div><div class=\"content-container\">\n<p>Viene modificata la denominazione in: &#8220;Associazione di famiglie e persone con disabilit\u00e0 intellettiva e disturbi del neurosviluppo&#8221; che tiene conto della convenzione ONU sui diritti delle persone con disabilit\u00e0 e rafforza il diritto all&#8217;autorappresentazione.<\/p>\n<\/div><\/div><\/div><div class=\"fusion-clearfix\"><\/div><\/div><div class=\"fusion-clearfix\"><\/div><\/div><\/div><\/div><\/div><\/p>\n","protected":false},"excerpt":{"rendered":"","protected":false},"author":1,"featured_media":0,"parent":0,"menu_order":0,"comment_status":"closed","ping_status":"closed","template":"","meta":{"_acf_changed":false,"footnotes":""},"class_list":["post-5494","page","type-page","status-publish","hentry"],"acf":[],"yoast_head":"<!-- This site is optimized with the Yoast SEO plugin v27.4 - https:\/\/yoast.com\/product\/yoast-seo-wordpress\/ -->\n<title>Le tappe di Anffas - Anffas Onlus - Massa Carrara<\/title>\n<meta name=\"robots\" content=\"index, follow, max-snippet:-1, max-image-preview:large, max-video-preview:-1\" \/>\n<link rel=\"canonical\" href=\"https:\/\/www.anffasms.it\/?page_id=5494\" \/>\n<meta property=\"og:locale\" content=\"it_IT\" \/>\n<meta property=\"og:type\" content=\"article\" \/>\n<meta property=\"og:title\" content=\"Le tappe di Anffas - Anffas Onlus - Massa Carrara\" \/>\n<meta property=\"og:url\" content=\"https:\/\/www.anffasms.it\/?page_id=5494\" \/>\n<meta property=\"og:site_name\" content=\"Anffas Onlus - Massa Carrara\" \/>\n<meta property=\"article:publisher\" content=\"https:\/\/www.facebook.com\/anffasms\/\" \/>\n<meta property=\"article:modified_time\" content=\"2019-12-10T11:52:32+00:00\" \/>\n<meta name=\"twitter:card\" content=\"summary_large_image\" \/>\n<meta name=\"twitter:label1\" content=\"Tempo di lettura stimato\" \/>\n\t<meta name=\"twitter:data1\" content=\"9 minuti\" \/>\n<script type=\"application\/ld+json\" class=\"yoast-schema-graph\">{\"@context\":\"https:\\\/\\\/schema.org\",\"@graph\":[{\"@type\":\"WebPage\",\"@id\":\"https:\\\/\\\/www.anffasms.it\\\/?page_id=5494\",\"url\":\"https:\\\/\\\/www.anffasms.it\\\/?page_id=5494\",\"name\":\"Le tappe di Anffas - Anffas Onlus - Massa Carrara\",\"isPartOf\":{\"@id\":\"https:\\\/\\\/www.anffasms.it\\\/#website\"},\"datePublished\":\"2019-11-26T14:09:41+00:00\",\"dateModified\":\"2019-12-10T11:52:32+00:00\",\"breadcrumb\":{\"@id\":\"https:\\\/\\\/www.anffasms.it\\\/?page_id=5494#breadcrumb\"},\"inLanguage\":\"it-IT\",\"potentialAction\":[{\"@type\":\"ReadAction\",\"target\":[\"https:\\\/\\\/www.anffasms.it\\\/?page_id=5494\"]}]},{\"@type\":\"BreadcrumbList\",\"@id\":\"https:\\\/\\\/www.anffasms.it\\\/?page_id=5494#breadcrumb\",\"itemListElement\":[{\"@type\":\"ListItem\",\"position\":1,\"name\":\"Home\",\"item\":\"https:\\\/\\\/www.anffasms.it\\\/\"},{\"@type\":\"ListItem\",\"position\":2,\"name\":\"Le tappe di Anffas\"}]},{\"@type\":\"WebSite\",\"@id\":\"https:\\\/\\\/www.anffasms.it\\\/#website\",\"url\":\"https:\\\/\\\/www.anffasms.it\\\/\",\"name\":\"Anffas Onlus - Massa Carrara\",\"description\":\"\",\"publisher\":{\"@id\":\"https:\\\/\\\/www.anffasms.it\\\/#organization\"},\"potentialAction\":[{\"@type\":\"SearchAction\",\"target\":{\"@type\":\"EntryPoint\",\"urlTemplate\":\"https:\\\/\\\/www.anffasms.it\\\/?s={search_term_string}\"},\"query-input\":{\"@type\":\"PropertyValueSpecification\",\"valueRequired\":true,\"valueName\":\"search_term_string\"}}],\"inLanguage\":\"it-IT\"},{\"@type\":\"Organization\",\"@id\":\"https:\\\/\\\/www.anffasms.it\\\/#organization\",\"name\":\"Anffas Massa Carrara Onlus\",\"url\":\"https:\\\/\\\/www.anffasms.it\\\/\",\"logo\":{\"@type\":\"ImageObject\",\"inLanguage\":\"it-IT\",\"@id\":\"https:\\\/\\\/www.anffasms.it\\\/#\\\/schema\\\/logo\\\/image\\\/\",\"url\":\"https:\\\/\\\/www.anffasms.it\\\/wp-content\\\/uploads\\\/2018\\\/07\\\/logo_anffas_onlus_massa_carrara.png\",\"contentUrl\":\"https:\\\/\\\/www.anffasms.it\\\/wp-content\\\/uploads\\\/2018\\\/07\\\/logo_anffas_onlus_massa_carrara.png\",\"width\":274,\"height\":108,\"caption\":\"Anffas Massa Carrara Onlus\"},\"image\":{\"@id\":\"https:\\\/\\\/www.anffasms.it\\\/#\\\/schema\\\/logo\\\/image\\\/\"},\"sameAs\":[\"https:\\\/\\\/www.facebook.com\\\/anffasms\\\/\"]}]}<\/script>\n<!-- \/ Yoast SEO plugin. -->","yoast_head_json":{"title":"Le tappe di Anffas - Anffas Onlus - Massa Carrara","robots":{"index":"index","follow":"follow","max-snippet":"max-snippet:-1","max-image-preview":"max-image-preview:large","max-video-preview":"max-video-preview:-1"},"canonical":"https:\/\/www.anffasms.it\/?page_id=5494","og_locale":"it_IT","og_type":"article","og_title":"Le tappe di Anffas - Anffas Onlus - Massa Carrara","og_url":"https:\/\/www.anffasms.it\/?page_id=5494","og_site_name":"Anffas Onlus - Massa Carrara","article_publisher":"https:\/\/www.facebook.com\/anffasms\/","article_modified_time":"2019-12-10T11:52:32+00:00","twitter_card":"summary_large_image","twitter_misc":{"Tempo di lettura stimato":"9 minuti"},"schema":{"@context":"https:\/\/schema.org","@graph":[{"@type":"WebPage","@id":"https:\/\/www.anffasms.it\/?page_id=5494","url":"https:\/\/www.anffasms.it\/?page_id=5494","name":"Le tappe di Anffas - Anffas Onlus - Massa Carrara","isPartOf":{"@id":"https:\/\/www.anffasms.it\/#website"},"datePublished":"2019-11-26T14:09:41+00:00","dateModified":"2019-12-10T11:52:32+00:00","breadcrumb":{"@id":"https:\/\/www.anffasms.it\/?page_id=5494#breadcrumb"},"inLanguage":"it-IT","potentialAction":[{"@type":"ReadAction","target":["https:\/\/www.anffasms.it\/?page_id=5494"]}]},{"@type":"BreadcrumbList","@id":"https:\/\/www.anffasms.it\/?page_id=5494#breadcrumb","itemListElement":[{"@type":"ListItem","position":1,"name":"Home","item":"https:\/\/www.anffasms.it\/"},{"@type":"ListItem","position":2,"name":"Le tappe di Anffas"}]},{"@type":"WebSite","@id":"https:\/\/www.anffasms.it\/#website","url":"https:\/\/www.anffasms.it\/","name":"Anffas Onlus - Massa Carrara","description":"","publisher":{"@id":"https:\/\/www.anffasms.it\/#organization"},"potentialAction":[{"@type":"SearchAction","target":{"@type":"EntryPoint","urlTemplate":"https:\/\/www.anffasms.it\/?s={search_term_string}"},"query-input":{"@type":"PropertyValueSpecification","valueRequired":true,"valueName":"search_term_string"}}],"inLanguage":"it-IT"},{"@type":"Organization","@id":"https:\/\/www.anffasms.it\/#organization","name":"Anffas Massa Carrara Onlus","url":"https:\/\/www.anffasms.it\/","logo":{"@type":"ImageObject","inLanguage":"it-IT","@id":"https:\/\/www.anffasms.it\/#\/schema\/logo\/image\/","url":"https:\/\/www.anffasms.it\/wp-content\/uploads\/2018\/07\/logo_anffas_onlus_massa_carrara.png","contentUrl":"https:\/\/www.anffasms.it\/wp-content\/uploads\/2018\/07\/logo_anffas_onlus_massa_carrara.png","width":274,"height":108,"caption":"Anffas Massa Carrara Onlus"},"image":{"@id":"https:\/\/www.anffasms.it\/#\/schema\/logo\/image\/"},"sameAs":["https:\/\/www.facebook.com\/anffasms\/"]}]}},"_links":{"self":[{"href":"https:\/\/www.anffasms.it\/index.php?rest_route=\/wp\/v2\/pages\/5494","targetHints":{"allow":["GET"]}}],"collection":[{"href":"https:\/\/www.anffasms.it\/index.php?rest_route=\/wp\/v2\/pages"}],"about":[{"href":"https:\/\/www.anffasms.it\/index.php?rest_route=\/wp\/v2\/types\/page"}],"author":[{"embeddable":true,"href":"https:\/\/www.anffasms.it\/index.php?rest_route=\/wp\/v2\/users\/1"}],"replies":[{"embeddable":true,"href":"https:\/\/www.anffasms.it\/index.php?rest_route=%2Fwp%2Fv2%2Fcomments&post=5494"}],"version-history":[{"count":49,"href":"https:\/\/www.anffasms.it\/index.php?rest_route=\/wp\/v2\/pages\/5494\/revisions"}],"predecessor-version":[{"id":5692,"href":"https:\/\/www.anffasms.it\/index.php?rest_route=\/wp\/v2\/pages\/5494\/revisions\/5692"}],"wp:attachment":[{"href":"https:\/\/www.anffasms.it\/index.php?rest_route=%2Fwp%2Fv2%2Fmedia&parent=5494"}],"curies":[{"name":"wp","href":"https:\/\/api.w.org\/{rel}","templated":true}]}}